{"id":2943,"date":"2021-04-07T10:30:20","date_gmt":"2021-04-07T08:30:20","guid":{"rendered":"https:\/\/www.airwell.com\/datenschutzrichtlinie-der-gesellschaft\/"},"modified":"2026-08-21T14:46:48","modified_gmt":"2026-08-21T12:46:48","slug":"datenschutzrichtlinie-der-gesellschaft","status":"publish","type":"page","link":"https:\/\/www.airwell.com\/de\/datenschutzrichtlinie-der-gesellschaft\/","title":{"rendered":"Datenschutzerkl\u00e4rung"},"content":{"rendered":"[vc_row type=&#8220;in_container&#8220; full_screen_row_position=&#8220;middle&#8220; column_margin=&#8220;default&#8220; column_direction=&#8220;default&#8220; column_direction_tablet=&#8220;default&#8220; column_direction_phone=&#8220;default&#8220; scene_position=&#8220;center&#8220; text_color=&#8220;dark&#8220; text_align=&#8220;left&#8220; row_border_radius=&#8220;none&#8220; row_border_radius_applies=&#8220;bg&#8220; overlay_strength=&#8220;0.3&#8243; gradient_direction=&#8220;left_to_right&#8220; shape_divider_position=&#8220;bottom&#8220; bg_image_animation=&#8220;none&#8220;][vc_column column_padding=&#8220;no-extra-padding&#8220; column_padding_tablet=&#8220;inherit&#8220; column_padding_phone=&#8220;inherit&#8220; column_padding_position=&#8220;all&#8220; background_color_opacity=&#8220;1&#8243; background_hover_color_opacity=&#8220;1&#8243; column_shadow=&#8220;none&#8220; column_border_radius=&#8220;none&#8220; column_link_target=&#8220;_self&#8220; gradient_direction=&#8220;left_to_right&#8220; overlay_strength=&#8220;0.3&#8243; width=&#8220;1\/1&#8243; tablet_width_inherit=&#8220;default&#8220; tablet_text_alignment=&#8220;default&#8220; phone_text_alignment=&#8220;default&#8220; column_border_width=&#8220;none&#8220; column_border_style=&#8220;solid&#8220; bg_image_animation=&#8220;none&#8220;][vc_column_text]\n<h1>Datenschutzerkl\u00e4rung von Airwell<\/h1>\n<p>Fassung vom 9. Januar 2025[\/vc_column_text][\/vc_column][\/vc_row][vc_row type=&#8220;in_container&#8220; full_screen_row_position=&#8220;middle&#8220; column_margin=&#8220;default&#8220; column_direction=&#8220;default&#8220; column_direction_tablet=&#8220;default&#8220; column_direction_phone=&#8220;default&#8220; scene_position=&#8220;center&#8220; text_color=&#8220;dark&#8220; text_align=&#8220;left&#8220; row_border_radius=&#8220;none&#8220; row_border_radius_applies=&#8220;bg&#8220; overlay_strength=&#8220;0.3&#8243; gradient_direction=&#8220;left_to_right&#8220; shape_divider_position=&#8220;bottom&#8220; bg_image_animation=&#8220;none&#8220;][vc_column column_padding=&#8220;no-extra-padding&#8220; column_padding_tablet=&#8220;inherit&#8220; column_padding_phone=&#8220;inherit&#8220; column_padding_position=&#8220;all&#8220; background_color_opacity=&#8220;1&#8243; background_hover_color_opacity=&#8220;1&#8243; column_shadow=&#8220;none&#8220; column_border_radius=&#8220;none&#8220; column_link_target=&#8220;_self&#8220; gradient_direction=&#8220;left_to_right&#8220; overlay_strength=&#8220;0.3&#8243; width=&#8220;1\/1&#8243; tablet_width_inherit=&#8220;default&#8220; tablet_text_alignment=&#8220;default&#8220; phone_text_alignment=&#8220;default&#8220; column_border_width=&#8220;none&#8220; column_border_style=&#8220;solid&#8220; bg_image_animation=&#8220;none&#8220;][vc_column_text css_animation=&#8220;none&#8220;]\n<p>Die Gesellschaft <strong>GROUPE AIRWELL<\/strong>, eine Aktiengesellschaft mit einem Kapital von 304.177,10 Euro, eingetragen unter der Nummer 824 596 795 im Handelsregister von Versailles, mit Sitz in 10 rue du Fort de Saint-Cyr, 78180 Montigny-le-Bretonneux, vertreten durch ihren Vorsitzenden (im Folgenden \u201e<strong>AIRWELL<\/strong>\u201c oder \u201e<strong>wir<\/strong>\u201c), ist ein auf den Vertrieb von Klima- und Heizungsl\u00f6sungen f\u00fcr Privathaushalte spezialisiertes Unternehmen.<\/p>\n<p>Im Rahmen seiner Gesch\u00e4ftst\u00e4tigkeit kann AIRWELL veranlasst sein, bestimmte personenbezogene Daten im Sinne der Datenschutz-Grundverordnung des Europ\u00e4ischen Parlaments und des Rates Nr. 2016\/679 vom 27. April 2016 (im Folgenden \u201eDSGVO\u201c) sowie des Gesetzes \u201eInformatique &#038; Freiheiten Nr. 78\/17 vom 6. Januar 1978 in der jeweils geltenden Fassung (im Folgenden \u201eGesetz \u00fcber Informatik und Freiheiten\u201c) \u00fcber seine Privat- oder Gesch\u00e4ftskunden zu erheben und zu verarbeiten.<\/p>\n<p>Die vorliegende Datenschutzerkl\u00e4rung (im Folgenden \u201eErkl\u00e4rung\u201c) wurde daher verfasst, um den Kunden von AIRWELL \u2013 seien es Privatpersonen oder Gewerbetreibende (im Folgenden \u201eSie\u201c) \u2013 zu verdeutlichen, welche Daten zu welchen Zwecken erhoben werden und welche Rechte die betroffenen Personen in diesem Zusammenhang haben.<\/p>\n<p>Diese Charta kann von Zeit zu Zeit ge\u00e4ndert werden. Jede \u00c4nderung tritt in Kraft, nachdem wir Sie auf einem anderen, AIRWELL zur Verf\u00fcgung stehenden Weg dar\u00fcber informiert haben. Jede neue Fassung der Charta gilt erst ab ihrem Inkrafttreten, das dem oben angegebenen \u201eVersionsdatum\u201c entspricht.  <\/p>\n<p><strong><u>Artikel 1 \u2013 Wer ist f\u00fcr die Verarbeitung personenbezogener Daten verantwortlich ?<\/u><\/strong><\/p>\n<p>AIRWELL, das die Verarbeitung personenbezogener Daten seiner Kunden \u2013 seien es Privatpersonen oder Gewerbetreibende \u2013 entweder direkt oder \u00fcber Auftragsverarbeiter, wie nachstehend angegeben, festlegt und durchf\u00fchrt, gilt gem\u00e4\u00df dem Gesetz \u00fcber Informatik, und der DSGVO als f\u00fcr diese Verarbeitungen verantwortlich angesehen und \u00fcbernimmt in dieser Hinsicht die gesetzlichen und beh\u00f6rdlichen Verpflichtungen, die den f\u00fcr die Verarbeitung personenbezogener Daten Verantwortlichen obliegen.<\/p>\n<p><strong><u>Artikel 2 \u2013 Wann werden personenbezogene Daten von AIRWELL erhoben und verarbeitet ? <\/u><\/strong><\/p>\n<p>Im Rahmen seiner Gesch\u00e4ftst\u00e4tigkeit kann AIRWELL in verschiedenen Situationen dazu veranlasst sein, personenbezogene Daten im Sinne der DSGVO und des franz\u00f6sischen Datenschutzgesetzes (\u201eLoi Informatique &#038; Libert\u00e9s\u201c) zu erheben und zu verarbeiten :<\/p>\n<ul>\n<li><strong>Bei der Erstellung eines Kundenkontos <\/strong>: AIRWELL ben\u00f6tigt bestimmte Informationen, damit Sie ein Kundenkonto auf der Website <a href=\"http:\/\/www.airwell-pro.fr\">airwell-pro.fr<\/a> (nur f\u00fcr Gewerbetreibende) erstellen k\u00f6nnen ;<\/li>\n<li><strong>Bei der Bestellung eines Produkts bei AIRWELL <\/strong>: AIRWELL ben\u00f6tigt bestimmte Angaben, um eine Rechnung auszustellen und die Bestellung zu bearbeiten;<\/li>\n<li><strong>Bei jeder Anfrage im Kundendienst<\/strong> : AIRWELL muss bestimmte Informationen zur St\u00f6rung erfassen, die dann in der Kundenakte vermerkt werden ;<\/li>\n<li><strong>Bei der Einreichung einer Bewerbung bei AIRWELL<\/strong> : Im Rahmen des Einstellungsverfahrens k\u00f6nnen personenbezogene Daten erhoben und verarbeitet werden.<\/li>\n<li><strong>Im Rahmen der Kommunikation zwischen AIRWELL und seinen Kunden<\/strong> : Jeder Interessenten und Kunde (Privatperson oder Gewerbetreibender) kann den AIRWELL-Newsletter abonnieren, indem er seine E-Mail-Adresse auf einer der AIRWELL-Websites angibt. Dar\u00fcber hinaus kann der Schriftverkehr zwischen AIRWELL und seinen Kunden personenbezogene Daten enthalten, die von AIRWELL erhoben und verarbeitet werden ; <\/li>\n<li><strong>Beim Besuch einer AIRWELL<\/strong>-Website wie <a href=\"https:\/\/www.airwell.com\/de\/\">airwell.com<\/a> und<a href=\"http:\/\/www.airwell-pro.com\"> www.airwell-pro.com<\/a>.<\/li>\n<\/ul>\n<p><strong><u>Artikel 3 \u2013 Welche personenbezogenen Daten werden von AIRWELL erhoben und verarbeitet ? <\/u><\/strong><\/p>\n<p>AIRWELL erhebt und verarbeitet folgende Daten :<\/p>\n<ul>\n<li><strong>Identit\u00e4tsdaten :<\/strong> <strong>Bei Privatkunden handelt <\/strong>es sich in der Regel um den Vor- und Nachnamen des Kunden sowie um seine pers\u00f6nlichen Kontaktdaten, darunter eine Telefonnummer, eine E-Mail-Adresse und eine Postanschrift; <strong>bei Gesch\u00e4ftskunden geh\u00f6ren <\/strong>dazu ebenfalls die Telefon-, Post- und E-Mail-Kontaktdaten sowie die Art des Kunden (Installateur oder H\u00e4ndler) und die Kontaktdaten der Ansprechpartner im Vertrieb und im Finanzwesen, gegebenenfalls auch im Marketing und in der Logistik ;<strong> <\/strong><\/li>\n<li><strong>Daten im Zusammenhang mit einer Bewerbung <\/strong>: Zu diesen Daten geh\u00f6ren in der Regel der Name, die Kontaktdaten und der Lebenslauf des Bewerbers. Die Informationen werden gem\u00e4\u00df den geltenden Rechtsvorschriften gespeichert und k\u00f6nnen auf Antrag des Bewerbers durch Kontaktaufnahme mit AIRWELL aktualisiert oder gel\u00f6scht werden. <\/li>\n<li><strong>Bestelldaten<\/strong> : F\u00fcr alle Kunden speichert AIRWELL die Historie der Produktbestellungen, insbesondere um die Nachverfolgung jeder Bestellung und gegebenenfalls die Bereitstellung eines Kundendienstes zu erleichtern; f\u00fcr gewerbliche Kunden erfasst AIRWELL zudem bestimmte Informationen zu ausstehenden Zahlungen und zum erzielten Umsatz ;<\/li>\n<li>Daten zum Kundendienst ;<\/li>\n<li><strong>Sonstige Daten<\/strong> : Alle Arten von Daten, die uns von unseren Kunden aus eigener Initiative \u00fcbermittelt werden.<\/li>\n<\/ul>\n<p><strong><u>Artikel 4 \u2013 Auf welcher Rechtsgrundlage werden personenbezogene Daten erhoben und verarbeitet ? <\/u><\/strong><\/p>\n<p>Alle personenbezogenen Daten, die von AIRWELL erhoben und verarbeitet werden, werden auf der Grundlage einer ordnungsgem\u00e4\u00df festgelegten Rechtsgrundlage gem\u00e4\u00df Artikel 6 der DSGVO verarbeitet :<\/p>\n<ul>\n<li><strong>Der Vertrag<\/strong> : Personenbezogene Daten werden in der Regel von AIRWELL im Rahmen der Bestellung eines Produkts erhoben, also zur Erf\u00fcllung des Kaufvertrags \u00fcber dieses Produkt, einschlie\u00dflich der Kundendienstleistungen ;<\/li>\n<li>Einwilligung: Jeder Interessenten und Kunde von AIRWELL kann entscheiden, uns bestimmte personenbezogene Daten \u00fcber sich selbst zu \u00fcbermitteln und seine Rechte auszu\u00fcben.<\/li>\n<li><strong>Das berechtigte Interesse von AIRWELL<\/strong> : Bestimmte erhobene Daten, wie beispielsweise diejenigen zur Besucherzahl unserer Websites, sind f\u00fcr die von uns verfolgten berechtigten Zwecke erforderlich, wobei weder die Erhebung noch die Verarbeitung dieser Daten Ihre Interessen oder Grundfreiheiten beeintr\u00e4chtigen d\u00fcrfte.<\/li>\n<li><strong>Personalbeschaffung<\/strong> : Die personenbezogenen Daten von Bewerbern, die ihre Bewerbung bei AIRWELL einreichen, werden gem\u00e4\u00df den geltenden Rechtsvorschriften f\u00fcr den Personalbeschaffungsprozess erhoben.<\/li>\n<\/ul>\n<p><strong><u>Artikel 5 \u2013 Zu welchen Zwecken werden personenbezogene Daten erhoben und verarbeitet ?<\/u><\/strong><\/p>\n<p>AIRWELL nutzt die in den oben beschriebenen F\u00e4llen von seinen Kunden erhobenen personenbezogenen Daten ausschlie\u00dflich f\u00fcr folgende Zwecke :<\/p>\n<ul>\n<li><strong>Um die Ausf\u00fchrung jeder Bestellung bei AIRWELL zu erm\u00f6glichen <\/strong>: Die Erhebung und Verarbeitung der personenbezogenen Daten der Kunden ist erforderlich, um die Ausf\u00fchrung der Bestellung zu erm\u00f6glichen, insbesondere die Erstellung der Rechnung oder den Versand der bestellten Ger\u00e4te ;<\/li>\n<li>Damit AIRWELL Kundendienstleistungen erbringen kann;<\/li>\n<li><strong>Damit AIRWELL mit Ihnen kommunizieren kann<\/strong> : Diese Daten k\u00f6nnen zum Zweck der Kommunikation zwischen AIRWELL und Ihnen verarbeitet werden, beispielsweise zum Versand von Newslettern, wenn Sie uns zu diesem Zweck Ihre E-Mail-Adresse mitgeteilt haben, oder zur Durchf\u00fchrung von Marketingma\u00dfnahmen;<\/li>\n<li>Damit AIRWELL seine Websites verbessern kann, insbesondere durch die Auswertung von Statistiken zum Nutzerverhalten und zum Datenverkehr auf diesen Websites.<\/li>\n<li><strong>Damit AIRWELL die Einstellungsverfahren abwickeln kann<\/strong> : Die Erhebung und Verarbeitung der personenbezogenen Daten der Bewerber ist erforderlich, um die Bewerbungen zu pr\u00fcfen und w\u00e4hrend des gesamten Einstellungsverfahrens mit den Bewerbern zu kommunizieren.<\/li>\n<\/ul>\n<p><strong><u>Artikel 6 \u2013 An wen werden die von uns erhobenen Daten weitergegeben ?<\/u><\/strong><\/p>\n<p>Die personenbezogenen Daten, die Sie uns \u00fcbermitteln, sind in erster Linie f\u00fcr AIRWELL bestimmt. Es ist jedoch auch m\u00f6glich, dass bestimmte Daten an ordnungsgem\u00e4\u00df identifizierte Dritte weitergegeben werden : <\/p>\n<ul>\n<li><strong>Unsere Dienstleister oder Subunternehmer<\/strong> : AIRWELL kann Vertr\u00e4ge mit externen Dienstleistern, insbesondere Transportunternehmen, abschlie\u00dfen; AIRWELL nutzt die Dienste des Unternehmens GOOGLE zur Messung der Besucherzahlen seiner Websites (\u00fcber den Dienst Google Analytics). AIRWELL nutzt die Dienste des Unternehmens FLATCHR zur Abwicklung des Einstellungsprozesses. Weitere Informationen finden Sie in der AIRWELL-Richtlinie zu Cookies.  <\/li>\n<li><strong>Beh\u00f6rden<\/strong> : AIRWELL ist gegebenenfalls verpflichtet, mit staatlichen, beh\u00f6rdlichen oder gerichtlichen Stellen sowie mit den Aufsichtsbeh\u00f6rden zusammenzuarbeiten, die f\u00fcr die Durchsetzung der DSGVO und des franz\u00f6sischen Datenschutzgesetzes (\u201eLoi Informatique &#038; Libert\u00e9s\u201c) zust\u00e4ndig sind. Daher behalten wir uns das Recht vor, alle im Rahmen unserer Gesch\u00e4ftst\u00e4tigkeit erhobenen Informationen an die zust\u00e4ndigen Beh\u00f6rden weiterzugeben, wenn AIRWELL dazu aufgefordert wird. <\/li>\n<\/ul>\n<p>AIRWELL gibt unter keinen Umst\u00e4nden personenbezogene Daten \u00fcber Sie zu Werbe- oder anderen Zwecken an Dritte weiter.<\/p>\n<p><strong><u>Artikel 7 \u2013 Wie lange werden personenbezogene Daten von AIRWELL gespeichert ?<\/u><\/strong><\/p>\n<p>AIRWELL speichert personenbezogene Daten seiner Kunden in identifizierbarer Form nur so lange, wie es f\u00fcr die Erf\u00fcllung des jeweiligen Verarbeitungszwecks unbedingt erforderlich ist. Grob gesagt gilt somit Folgendes : <\/p>\n<ul>\n<li>Die personenbezogenen Daten unserer Kunden werden f\u00fcr die Dauer des Vertragsverh\u00e4ltnisses zwischen Ihnen und uns gespeichert und anschlie\u00dfend f\u00fcr 5 (f\u00fcnf) Jahre nach Beendigung des Vertragsverh\u00e4ltnisses archiviert ;<\/li>\n<li>Bestimmte Daten werden f\u00fcr die gesetzlich vorgeschriebene Dauer aufbewahrt, insbesondere wenn AIRWELL gesetzlich dazu verpflichtet ist. Dies gilt insbesondere f\u00fcr alle Rechnungsdaten; <\/li>\n<li>Daten im Zusammenhang mit der Bearbeitung von Rechtsstreitigkeiten und Beschwerden werden so lange aufbewahrt, wie es f\u00fcr die Bearbeitung der Rechtsstreitigkeit oder der Beschwerde erforderlich ist (unter Ber\u00fccksichtigung der Rechtsbehelfsfristen) und bis zum Ablauf der Verj\u00e4hrungsfrist;<\/li>\n<li>Die Daten im Zusammenhang mit dem Einstellungsverfahren werden mit Einwilligung (bei nicht ber\u00fccksichtigten Bewerbern) bis zu zwei Jahre lang oder (bei eingestellten Bewerbern) bis zum Abschluss des Arbeitsvertrags gespeichert;<\/li>\n<li>Die Daten zu potenziellen Kunden werden f\u00fcr einen Zeitraum von maximal 3 (drei) Jahren gespeichert;<\/li>\n<li>Cookies werden f\u00fcr die im Cookie-Verwaltungsmodul angegebenen Zeitr\u00e4ume gespeichert.<\/li>\n<\/ul>\n<p><strong><u>Artikel 8 \u2013 Welche Rechte haben Personen in Bezug auf ihre personenbezogenen Daten ?<\/u><\/strong><\/p>\n<p>AIRWELL achtet die Rechte, die nat\u00fcrlichen Personen durch die DSGVO und das franz\u00f6sische Datenschutzgesetz (\u201eLoi Informatique &#038; Libert\u00e9s\u201c) gew\u00e4hrt werden.<\/p>\n<p>Somit hat jede betroffene Person das Recht, Auskunft \u00fcber die von AIRWELL gespeicherten personenbezogenen Daten zu verlangen, deren Berichtigung oder L\u00f6schung sowie die Einschr\u00e4nkung der Verarbeitung dieser personenbezogenen Daten zu beantragen und der Verarbeitung zu widersprechen.<\/p>\n<p>Im Falle einer Einschr\u00e4nkung der Verarbeitung oder eines Widerspruchs gegen die Verarbeitung ist AIRWELL jedoch m\u00f6glicherweise nicht mehr in der Lage, die Bestellung ganz oder teilweise auszuf\u00fchren. Im \u00dcbrigen k\u00f6nnen bestimmte Informationen dennoch von AIRWELL gespeichert werden, um seinen gesetzlichen Verpflichtungen nachzukommen. <\/p>\n<p>Jede nat\u00fcrliche Person kann Richtlinien zur Speicherung, L\u00f6schung und Weitergabe ihrer personenbezogenen Daten nach ihrem Tod festlegen. Liegen keine solchen Richtlinien vor, werden die sie betreffenden personenbezogenen Daten gem\u00e4\u00df den vorstehenden Abs\u00e4tzen gespeichert, es sei denn, ihre Erben beantragen eine schnellere L\u00f6schung. <\/p>\n<p>Um diese Rechte auszu\u00fcben, kann die betroffene Person einen Antrag stellen, indem sie <a href=\"https:\/\/login.mission-rgpd.app\/moovapps\/easysite\/workplace\/demande-droit?token=UVdseWQyVnNiQT09&#038;lg=fr\">hier klickt.<\/a> <\/p>\n<p>Dar\u00fcber hinaus hat jede betroffene Person das Recht, jederzeit eine Beschwerde bei der f\u00fcr den Datenschutz zust\u00e4ndigen Aufsichtsbeh\u00f6rde einzureichen. Zu diesem Zweck kann man sich an die f\u00fcr den Datenschutz zust\u00e4ndige Aufsichtsbeh\u00f6rde der Region wenden, in der die betroffene Person ihren Wohnsitz hat, oder in jedem Fall an die CNIL f\u00fcr Frankreich: <a href=\"http:\/\/www.cnil.fr\">www.cnil.fr.<\/a> <\/p>\n<p>Schlie\u00dflich wird jede betroffene Person darauf hingewiesen, dass sie sich gegen Telefonwerbung wehren kann, indem sie sich auf der Website<a href=\"http:\/\/www.bloctel.fr\"> www.bloctel.fr<\/a> registriert.<\/p>\n<p>Artikel 9 \u2013 Wie werden personenbezogene Daten von AIRWELL gesch\u00fctzt ?<\/p>\n<p>AIRWELL verpflichtet sich, auf eigene Kosten sowohl technische als auch organisatorische Ma\u00dfnahmen zur Verarbeitung und zum Schutz personenbezogener Daten gem\u00e4\u00df den Artikeln 32 bis 34 der DSGVO und Artikel 121 des franz\u00f6sischen Datenschutzgesetzes (\u201eLoi Informatique &#038; Libert\u00e9s\u201c) umzusetzen und aufrechtzuerhalten.<\/p>\n<p>AIRWELL stellt somit sicher, dass diese technischen und organisatorischen Ma\u00dfnahmen stets angemessen und an die besonderen Risiken angepasst sind, die mit den Verarbeitungsvorg\u00e4ngen verbunden sind, unter Ber\u00fccksichtigung der Art der erhobenen und verarbeiteten Daten, insbesondere um personenbezogene Daten vor Zerst\u00f6rung, Verlust, Ver\u00e4nderung sowie unbefugter, versehentlicher oder unrechtm\u00e4\u00dfiger Weitergabe zu sch\u00fctzen.<\/p>\n<p>Zu den von AIRWELL getroffenen technischen Ma\u00dfnahmen z\u00e4hlen insbesondere:<\/p>\n<ul>\n<li>Das Hosting der Websites und ihrer Daten erfolgt auf einem virtualisierten Server in Frankreich. Jede Domain verf\u00fcgt \u00fcber ein Zertifikat. Im Vorfeld ist eine Firewall eingerichtet, die es erm\u00f6glicht, eine gro\u00dfe Anzahl von Hackerangriffen auf die Websites abzuwehren ;  <\/li>\n<li>Die Benutzerkonten sind durch eine Zwei-Faktor-Authentifizierung gesch\u00fctzt, ebenso wie das VPN. Sensible Computer sind verschl\u00fcsselt, Passw\u00f6rter m\u00fcssen sicher sein und RDP-Verbindungen unterliegen einer IP-Adresssperre. <\/li>\n<\/ul>\n<p>Was die organisatorischen Ma\u00dfnahmen betrifft, so haben nur diejenigen Personen Zugriff auf die Daten, die diese zur Aus\u00fcbung ihrer Aufgaben im Unternehmen ben\u00f6tigen. Dar\u00fcber hinaus sind die Benutzer keine Administratoren der Arbeitspl\u00e4tze. <\/p>\n<p>AIRWELL verpflichtet sich dar\u00fcber hinaus, ein vollst\u00e4ndiges und genaues Verzeichnis \u00fcber die von ihr durchgef\u00fchrten Verarbeitungen personenbezogener Daten zu f\u00fchren, zu aktualisieren und aufzubewahren. Dieses Verzeichnis enth\u00e4lt detaillierte Angaben zu den Verarbeitungsvorg\u00e4ngen. <\/p>\n<p><strong><u>Artikel 10 \u2013 Finden internationale Daten\u00fcbermittlungen statt ?<\/u><\/strong><\/p>\n<p>Die Websites von AIRWELL werden in Frankreich gehostet, ebenso wie alle eingesetzten Speicherl\u00f6sungen.<\/p>\n<p>In Ausnahmef\u00e4llen k\u00f6nnen bestimmte Daten zur Reichweitenmessung international \u00fcbermittelt werden. Um dieser \u00dcbermittlung zu widersprechen, teilen Sie GOOGLE bitte Ihre Ablehnung mit, indem Sie auf diesen Link klicken: <a href=\"https:\/\/tools.google.com\/dlpage\/gaoptout?hl=fr\">https:\/\/tools.google.com\/dlpage\/gaoptout?hl=fr<\/a> <\/p>\n<p><strong><u>Artikel 11 \u2013 Datenschutzbeauftragte<\/u><\/strong><\/p>\n<p>AIRWELL hat eine Datenschutzbeauftragte ernannt, die \u00fcber diesen <a href=\"https:\/\/login.mission-rgpd.app\/moovapps\/easysite\/workplace\/demande-droit?token=UVdseWQyVnNiQT09&#038;lg=fr\">Link kontaktiert <\/a>werden kann. <\/p>\n<p><strong><u>Artikel 12 \u2013 Weitere Informationen <\/u><\/strong><\/p>\n<p><strong> <\/strong>F\u00fcr weitere Informationen dar\u00fcber, wie AIRWELL die ihm anvertrauten personenbezogenen Daten erhebt und verarbeitet, richten Sie Ihre Anfrage bitte an unsere Datenschutzbeauftragte, indem Sie<a href=\"https:\/\/login.mission-rgpd.app\/moovapps\/easysite\/workplace\/demande-droit?token=UVdseWQyVnNiQT09&#038;lg=fr\"> hier klicken<\/a>. <\/p>\n<p style=\"text-align: center;\">* * *<\/p>\n[\/vc_column_text][\/vc_column][\/vc_row]\n","protected":false},"excerpt":{"rendered":"<p>[vc_row type=&#8220;in_container&#8220; full_screen_row_position=&#8220;middle&#8220; column_margin=&#8220;default&#8220; column_direction=&#8220;default&#8220; column_direction_tablet=&#8220;default&#8220; column_direction_phone=&#8220;default&#8220; scene_position=&#8220;center&#8220; text_color=&#8220;dark&#8220; text_align=&#8220;left&#8220; row_border_radius=&#8220;none&#8220; row_border_radius_applies=&#8220;bg&#8220; overlay_strength=&#8220;0.3&#8243; gradient_direction=&#8220;left_to_right&#8220; shape_divider_position=&#8220;bottom&#8220; bg_image_animation=&#8220;none&#8220;][vc_column column_padding=&#8220;no-extra-padding&#8220; column_padding_tablet=&#8220;inherit&#8220; column_padding_phone=&#8220;inherit&#8220; column_padding_position=&#8220;all&#8220; background_color_opacity=&#8220;1&#8243; background_hover_color_opacity=&#8220;1&#8243; column_shadow=&#8220;none&#8220; column_border_radius=&#8220;none&#8220; column_link_target=&#8220;_self&#8220; gradient_direction=&#8220;left_to_right&#8220; overlay_strength=&#8220;0.3&#8243; width=&#8220;1\/1&#8243; tablet_width_inherit=&#8220;default&#8220; tablet_text_alignment=&#8220;default&#8220;&#8230;<\/p>\n","protected":false},"author":4,"featured_media":0,"parent":0,"menu_order":0,"comment_status":"closed","ping_status":"closed","template":"","meta":{"inline_featured_image":false,"footnotes":""},"class_list":["post-2943","page","type-page","status-publish"],"aioseo_notices":[],"aioseo_head":"\n\t\t<!-- All in One SEO 5.0.1.1 - aioseo.com -->\n\t<meta name=\"description\" content=\"Datenschutzerkl\u00e4rung von Airwell Fassung vom 9. Januar 2025 Die Gesellschaft GROUPE AIRWELL, eine Aktiengesellschaft mit einem Kapital von 304.177,10 Euro, eingetragen unter der Nummer 824 596 795 im Handelsregister von Versailles, mit Sitz in 10 rue du Fort de Saint-Cyr, 78180 Montigny-le-Bretonneux, vertreten durch ihren Vorsitzenden (im Folgenden \u201eAIRWELL\u201c oder \u201ewir\u201c), ist ein auf den\" \/>\n\t<meta name=\"robots\" content=\"noindex, nofollow, max-snippet:-1, max-image-preview:large, max-video-preview:-1\" \/>\n\t<link rel=\"canonical\" href=\"https:\/\/www.airwell.com\/de\/datenschutzrichtlinie-der-gesellschaft\/\" \/>\n\t<meta name=\"generator\" content=\"All in One SEO (AIOSEO) 5.0.1.1\" \/>\n\t\t<meta property=\"og:locale\" content=\"de_DE\" \/>\n\t\t<meta property=\"og:site_name\" content=\"Airwell - L\u00f6sungen f\u00fcr Klimatisierung und Heizung\" \/>\n\t\t<meta property=\"og:type\" content=\"article\" \/>\n\t\t<meta property=\"og:title\" content=\"Datenschutzerkl\u00e4rung - Airwell\" \/>\n\t\t<meta property=\"og:description\" content=\"Datenschutzerkl\u00e4rung von Airwell Fassung vom 9. Januar 2025 Die Gesellschaft GROUPE AIRWELL, eine Aktiengesellschaft mit einem Kapital von 304.177,10 Euro, eingetragen unter der Nummer 824 596 795 im Handelsregister von Versailles, mit Sitz in 10 rue du Fort de Saint-Cyr, 78180 Montigny-le-Bretonneux, vertreten durch ihren Vorsitzenden (im Folgenden \u201eAIRWELL\u201c oder \u201ewir\u201c), ist ein auf den\" \/>\n\t\t<meta property=\"og:url\" content=\"https:\/\/www.airwell.com\/de\/datenschutzrichtlinie-der-gesellschaft\/\" \/>\n\t\t<meta property=\"og:image\" content=\"https:\/\/www.airwell.com\/wp-content\/uploads\/2020\/11\/slider_video.png\" \/>\n\t\t<meta property=\"og:image:secure_url\" content=\"https:\/\/www.airwell.com\/wp-content\/uploads\/2020\/11\/slider_video.png\" \/>\n\t\t<meta property=\"og:image:width\" content=\"1474\" \/>\n\t\t<meta property=\"og:image:height\" content=\"819\" \/>\n\t\t<meta property=\"article:published_time\" content=\"2021-04-07T08:30:20+00:00\" \/>\n\t\t<meta property=\"article:modified_time\" content=\"2026-08-21T12:46:48+00:00\" \/>\n\t\t<meta name=\"twitter:card\" content=\"summary\" \/>\n\t\t<meta name=\"twitter:title\" content=\"Datenschutzerkl\u00e4rung - Airwell\" \/>\n\t\t<meta name=\"twitter:description\" content=\"Datenschutzerkl\u00e4rung von Airwell Fassung vom 9. Januar 2025 Die Gesellschaft GROUPE AIRWELL, eine Aktiengesellschaft mit einem Kapital von 304.177,10 Euro, eingetragen unter der Nummer 824 596 795 im Handelsregister von Versailles, mit Sitz in 10 rue du Fort de Saint-Cyr, 78180 Montigny-le-Bretonneux, vertreten durch ihren Vorsitzenden (im Folgenden \u201eAIRWELL\u201c oder \u201ewir\u201c), ist ein auf den\" \/>\n\t\t<meta name=\"twitter:image\" content=\"https:\/\/www.airwell.com\/wp-content\/uploads\/2020\/11\/slider_video.png\" \/>\n\t\t<script type=\"application\/ld+json\" class=\"aioseo-schema\">\n\t\t\t{\"@context\":\"https:\\\/\\\/schema.org\",\"@graph\":[{\"@type\":\"BreadcrumbList\",\"@id\":\"https:\\\/\\\/www.airwell.com\\\/de\\\/datenschutzrichtlinie-der-gesellschaft\\\/#breadcrumblist\",\"itemListElement\":[{\"@type\":\"ListItem\",\"@id\":\"https:\\\/\\\/www.airwell.com\\\/de\\\/#listItem\",\"position\":1,\"name\":\"Accueil\",\"item\":\"https:\\\/\\\/www.airwell.com\\\/de\\\/\",\"nextItem\":{\"@type\":\"ListItem\",\"@id\":\"https:\\\/\\\/www.airwell.com\\\/de\\\/datenschutzrichtlinie-der-gesellschaft\\\/#listItem\",\"name\":\"Datenschutzerkl\\u00e4rung\"}},{\"@type\":\"ListItem\",\"@id\":\"https:\\\/\\\/www.airwell.com\\\/de\\\/datenschutzrichtlinie-der-gesellschaft\\\/#listItem\",\"position\":2,\"name\":\"Datenschutzerkl\\u00e4rung\",\"previousItem\":{\"@type\":\"ListItem\",\"@id\":\"https:\\\/\\\/www.airwell.com\\\/de\\\/#listItem\",\"name\":\"Accueil\"}}]},{\"@type\":\"Organization\",\"@id\":\"https:\\\/\\\/www.airwell.com\\\/de\\\/#organization\",\"name\":\"Airwell\",\"description\":\"L\\u00f6sungen f\\u00fcr Klimatisierung und Heizung\",\"url\":\"https:\\\/\\\/www.airwell.com\\\/de\\\/\",\"telephone\":\"+33176218200\",\"logo\":{\"@type\":\"ImageObject\",\"url\":\"https:\\\/\\\/www.airwell.com\\\/wp-content\\\/uploads\\\/2020\\\/11\\\/Logo_Airwell.svg\",\"@id\":\"https:\\\/\\\/www.airwell.com\\\/de\\\/datenschutzrichtlinie-der-gesellschaft\\\/#organizationLogo\",\"width\":157,\"height\":37},\"image\":{\"@id\":\"https:\\\/\\\/www.airwell.com\\\/de\\\/datenschutzrichtlinie-der-gesellschaft\\\/#organizationLogo\"},\"sameAs\":[\"https:\\\/\\\/www.youtube.com\\\/channel\\\/UCKceazQwwi_h-1vHklDDtWg\",\"https:\\\/\\\/www.linkedin.com\\\/company\\\/airwell\\\/\"]},{\"@type\":\"WebPage\",\"@id\":\"https:\\\/\\\/www.airwell.com\\\/de\\\/datenschutzrichtlinie-der-gesellschaft\\\/#webpage\",\"url\":\"https:\\\/\\\/www.airwell.com\\\/de\\\/datenschutzrichtlinie-der-gesellschaft\\\/\",\"name\":\"Datenschutzerkl\\u00e4rung - Airwell\",\"description\":\"Datenschutzerkl\\u00e4rung von Airwell Fassung vom 9. Januar 2025 Die Gesellschaft GROUPE AIRWELL, eine Aktiengesellschaft mit einem Kapital von 304.177,10 Euro, eingetragen unter der Nummer 824 596 795 im Handelsregister von Versailles, mit Sitz in 10 rue du Fort de Saint-Cyr, 78180 Montigny-le-Bretonneux, vertreten durch ihren Vorsitzenden (im Folgenden \\u201eAIRWELL\\u201c oder \\u201ewir\\u201c), ist ein auf den\",\"inLanguage\":\"de-DE\",\"isPartOf\":{\"@id\":\"https:\\\/\\\/www.airwell.com\\\/de\\\/#website\"},\"breadcrumb\":{\"@id\":\"https:\\\/\\\/www.airwell.com\\\/de\\\/datenschutzrichtlinie-der-gesellschaft\\\/#breadcrumblist\"},\"datePublished\":\"2021-04-07T10:30:20+02:00\",\"dateModified\":\"2026-08-21T14:46:48+02:00\"},{\"@type\":\"WebSite\",\"@id\":\"https:\\\/\\\/www.airwell.com\\\/de\\\/#website\",\"url\":\"https:\\\/\\\/www.airwell.com\\\/de\\\/\",\"name\":\"Airwell\",\"description\":\"L\\u00f6sungen f\\u00fcr Klimatisierung und Heizung\",\"inLanguage\":\"de-DE\",\"publisher\":{\"@id\":\"https:\\\/\\\/www.airwell.com\\\/de\\\/#organization\"}}]}\n\t\t<\/script>\n\t\t<!-- All in One SEO -->\n\n","aioseo_head_json":{"title":"Datenschutzerkl\u00e4rung - Airwell","description":"Datenschutzerkl\u00e4rung von Airwell Fassung vom 9. Januar 2025 Die Gesellschaft GROUPE AIRWELL, eine Aktiengesellschaft mit einem Kapital von 304.177,10 Euro, eingetragen unter der Nummer 824 596 795 im Handelsregister von Versailles, mit Sitz in 10 rue du Fort de Saint-Cyr, 78180 Montigny-le-Bretonneux, vertreten durch ihren Vorsitzenden (im Folgenden \u201eAIRWELL\u201c oder \u201ewir\u201c), ist ein auf den","canonical_url":"https:\/\/www.airwell.com\/de\/datenschutzrichtlinie-der-gesellschaft\/","robots":"noindex, nofollow, max-snippet:-1, max-image-preview:large, max-video-preview:-1","keywords":"","webmasterTools":{"miscellaneous":""},"schema":{"@context":"https:\/\/schema.org","@graph":[{"@type":"BreadcrumbList","@id":"https:\/\/www.airwell.com\/de\/datenschutzrichtlinie-der-gesellschaft\/#breadcrumblist","itemListElement":[{"@type":"ListItem","@id":"https:\/\/www.airwell.com\/de\/#listItem","position":1,"name":"Accueil","item":"https:\/\/www.airwell.com\/de\/","nextItem":{"@type":"ListItem","@id":"https:\/\/www.airwell.com\/de\/datenschutzrichtlinie-der-gesellschaft\/#listItem","name":"Datenschutzerkl\u00e4rung"}},{"@type":"ListItem","@id":"https:\/\/www.airwell.com\/de\/datenschutzrichtlinie-der-gesellschaft\/#listItem","position":2,"name":"Datenschutzerkl\u00e4rung","previousItem":{"@type":"ListItem","@id":"https:\/\/www.airwell.com\/de\/#listItem","name":"Accueil"}}]},{"@type":"Organization","@id":"https:\/\/www.airwell.com\/de\/#organization","name":"Airwell","description":"L\u00f6sungen f\u00fcr Klimatisierung und Heizung","url":"https:\/\/www.airwell.com\/de\/","telephone":"+33176218200","logo":{"@type":"ImageObject","url":"https:\/\/www.airwell.com\/wp-content\/uploads\/2020\/11\/Logo_Airwell.svg","@id":"https:\/\/www.airwell.com\/de\/datenschutzrichtlinie-der-gesellschaft\/#organizationLogo","width":157,"height":37},"image":{"@id":"https:\/\/www.airwell.com\/de\/datenschutzrichtlinie-der-gesellschaft\/#organizationLogo"},"sameAs":["https:\/\/www.youtube.com\/channel\/UCKceazQwwi_h-1vHklDDtWg","https:\/\/www.linkedin.com\/company\/airwell\/"]},{"@type":"WebPage","@id":"https:\/\/www.airwell.com\/de\/datenschutzrichtlinie-der-gesellschaft\/#webpage","url":"https:\/\/www.airwell.com\/de\/datenschutzrichtlinie-der-gesellschaft\/","name":"Datenschutzerkl\u00e4rung - Airwell","description":"Datenschutzerkl\u00e4rung von Airwell Fassung vom 9. Januar 2025 Die Gesellschaft GROUPE AIRWELL, eine Aktiengesellschaft mit einem Kapital von 304.177,10 Euro, eingetragen unter der Nummer 824 596 795 im Handelsregister von Versailles, mit Sitz in 10 rue du Fort de Saint-Cyr, 78180 Montigny-le-Bretonneux, vertreten durch ihren Vorsitzenden (im Folgenden \u201eAIRWELL\u201c oder \u201ewir\u201c), ist ein auf den","inLanguage":"de-DE","isPartOf":{"@id":"https:\/\/www.airwell.com\/de\/#website"},"breadcrumb":{"@id":"https:\/\/www.airwell.com\/de\/datenschutzrichtlinie-der-gesellschaft\/#breadcrumblist"},"datePublished":"2021-04-07T10:30:20+02:00","dateModified":"2026-08-21T14:46:48+02:00"},{"@type":"WebSite","@id":"https:\/\/www.airwell.com\/de\/#website","url":"https:\/\/www.airwell.com\/de\/","name":"Airwell","description":"L\u00f6sungen f\u00fcr Klimatisierung und Heizung","inLanguage":"de-DE","publisher":{"@id":"https:\/\/www.airwell.com\/de\/#organization"}}]},"og:locale":"de_DE","og:site_name":"Airwell - L\u00f6sungen f\u00fcr Klimatisierung und Heizung","og:type":"article","og:title":"Datenschutzerkl\u00e4rung - Airwell","og:description":"Datenschutzerkl\u00e4rung von Airwell Fassung vom 9. Januar 2025 Die Gesellschaft GROUPE AIRWELL, eine Aktiengesellschaft mit einem Kapital von 304.177,10 Euro, eingetragen unter der Nummer 824 596 795 im Handelsregister von Versailles, mit Sitz in 10 rue du Fort de Saint-Cyr, 78180 Montigny-le-Bretonneux, vertreten durch ihren Vorsitzenden (im Folgenden \u201eAIRWELL\u201c oder \u201ewir\u201c), ist ein auf den","og:url":"https:\/\/www.airwell.com\/de\/datenschutzrichtlinie-der-gesellschaft\/","og:image":"https:\/\/www.airwell.com\/wp-content\/uploads\/2020\/11\/slider_video.png","og:image:secure_url":"https:\/\/www.airwell.com\/wp-content\/uploads\/2020\/11\/slider_video.png","og:image:width":1474,"og:image:height":819,"article:published_time":"2021-04-07T08:30:20+00:00","article:modified_time":"2026-08-21T12:46:48+00:00","twitter:card":"summary","twitter:title":"Datenschutzerkl\u00e4rung - Airwell","twitter:description":"Datenschutzerkl\u00e4rung von Airwell Fassung vom 9. Januar 2025 Die Gesellschaft GROUPE AIRWELL, eine Aktiengesellschaft mit einem Kapital von 304.177,10 Euro, eingetragen unter der Nummer 824 596 795 im Handelsregister von Versailles, mit Sitz in 10 rue du Fort de Saint-Cyr, 78180 Montigny-le-Bretonneux, vertreten durch ihren Vorsitzenden (im Folgenden \u201eAIRWELL\u201c oder \u201ewir\u201c), ist ein auf den","twitter:image":"https:\/\/www.airwell.com\/wp-content\/uploads\/2020\/11\/slider_video.png"},"aioseo_meta_data":{"post_id":"2943","title":null,"description":null,"keywords":[],"keyphrases":{"focus":[],"additional":[]},"primary_term":null,"canonical_url":null,"og_title":null,"og_description":null,"og_object_type":"default","og_image_type":"default","og_image_url":null,"og_image_width":null,"og_image_height":null,"og_image_custom_url":null,"og_image_custom_fields":null,"og_video":"","og_custom_url":null,"og_article_section":null,"og_article_tags":[],"twitter_use_og":false,"twitter_card":"default","twitter_image_type":"default","twitter_image_url":null,"twitter_image_custom_url":null,"twitter_image_custom_fields":null,"twitter_title":null,"twitter_description":null,"schema":{"blockGraphs":[],"customGraphs":[],"default":{"data":{"Article":[],"Course":[],"Dataset":[],"FAQPage":[],"Movie":[],"Person":[],"Product":[],"ProductReview":[],"Car":[],"Recipe":[],"Service":[],"SoftwareApplication":[],"WebPage":{"id":"#aioseo-web-page-63f32ffa63279","slug":"web-page","graphName":"WebPage","label":"Web Page","properties":{"type":"WebPage","name":"","description":""}}},"graphName":"WebPage","isEnabled":true},"graphs":[]},"schema_type":"default","schema_type_options":"{\"article\":{\"articleType\":\"BlogPosting\"},\"course\":{\"name\":\"\",\"description\":\"\",\"provider\":\"\"},\"faq\":{\"pages\":[]},\"product\":{\"reviews\":[]},\"recipe\":{\"ingredients\":[],\"instructions\":[],\"keywords\":[]},\"software\":{\"reviews\":[],\"operatingSystems\":[]},\"webPage\":{\"webPageType\":\"WebPage\"}}","pillar_content":false,"robots_default":false,"robots_noindex":true,"robots_noarchive":false,"robots_nosnippet":false,"robots_nofollow":true,"robots_noimageindex":false,"robots_noodp":false,"robots_notranslate":false,"robots_max_snippet":"-1","robots_max_videopreview":"-1","robots_max_imagepreview":"large","priority":null,"frequency":"default","local_seo":null,"breadcrumb_settings":null,"limit_modified_date":false,"ai":null,"created":"2021-04-07 08:30:23","updated":"2026-08-21 12:48:24","seo_analyzer_scan_date":null,"focus_keyword":null,"additional_keywords":null,"truseo_locale":null},"featured_image_src":null,"_links":{"self":[{"href":"https:\/\/www.airwell.com\/de\/wp-json\/wp\/v2\/pages\/2943","targetHints":{"allow":["GET"]}}],"collection":[{"href":"https:\/\/www.airwell.com\/de\/wp-json\/wp\/v2\/pages"}],"about":[{"href":"https:\/\/www.airwell.com\/de\/wp-json\/wp\/v2\/types\/page"}],"author":[{"embeddable":true,"href":"https:\/\/www.airwell.com\/de\/wp-json\/wp\/v2\/users\/4"}],"replies":[{"embeddable":true,"href":"https:\/\/www.airwell.com\/de\/wp-json\/wp\/v2\/comments?post=2943"}],"version-history":[{"count":4,"href":"https:\/\/www.airwell.com\/de\/wp-json\/wp\/v2\/pages\/2943\/revisions"}],"predecessor-version":[{"id":44906,"href":"https:\/\/www.airwell.com\/de\/wp-json\/wp\/v2\/pages\/2943\/revisions\/44906"}],"wp:attachment":[{"href":"https:\/\/www.airwell.com\/de\/wp-json\/wp\/v2\/media?parent=2943"}],"curies":[{"name":"wp","href":"https:\/\/api.w.org\/{rel}","templated":true}]}}