{"id":1510,"date":"2021-03-03T14:11:54","date_gmt":"2021-03-03T13:11:54","guid":{"rendered":"https:\/\/www.airwell.com\/?page_id=1510"},"modified":"2025-01-09T16:51:00","modified_gmt":"2025-01-09T15:51:00","slug":"charte-de-confidentialite","status":"publish","type":"page","link":"https:\/\/www.airwell.com\/fr\/charte-de-confidentialite\/","title":{"rendered":"Charte de confidentialit\u00e9"},"content":{"rendered":"[vc_row type=\u00a0\u00bbin_container\u00a0\u00bb full_screen_row_position=\u00a0\u00bbmiddle\u00a0\u00bb column_margin=\u00a0\u00bbdefault\u00a0\u00bb column_direction=\u00a0\u00bbdefault\u00a0\u00bb column_direction_tablet=\u00a0\u00bbdefault\u00a0\u00bb column_direction_phone=\u00a0\u00bbdefault\u00a0\u00bb scene_position=\u00a0\u00bbcenter\u00a0\u00bb text_color=\u00a0\u00bbdark\u00a0\u00bb text_align=\u00a0\u00bbleft\u00a0\u00bb row_border_radius=\u00a0\u00bbnone\u00a0\u00bb row_border_radius_applies=\u00a0\u00bbbg\u00a0\u00bb overlay_strength=\u00a0\u00bb0.3&Prime; gradient_direction=\u00a0\u00bbleft_to_right\u00a0\u00bb shape_divider_position=\u00a0\u00bbbottom\u00a0\u00bb bg_image_animation=\u00a0\u00bbnone\u00a0\u00bb][vc_column column_padding=\u00a0\u00bbno-extra-padding\u00a0\u00bb column_padding_tablet=\u00a0\u00bbinherit\u00a0\u00bb column_padding_phone=\u00a0\u00bbinherit\u00a0\u00bb column_padding_position=\u00a0\u00bball\u00a0\u00bb background_color_opacity=\u00a0\u00bb1&Prime; background_hover_color_opacity=\u00a0\u00bb1&Prime; column_shadow=\u00a0\u00bbnone\u00a0\u00bb column_border_radius=\u00a0\u00bbnone\u00a0\u00bb column_link_target=\u00a0\u00bb_self\u00a0\u00bb gradient_direction=\u00a0\u00bbleft_to_right\u00a0\u00bb overlay_strength=\u00a0\u00bb0.3&Prime; width=\u00a0\u00bb1\/1&Prime; tablet_width_inherit=\u00a0\u00bbdefault\u00a0\u00bb tablet_text_alignment=\u00a0\u00bbdefault\u00a0\u00bb phone_text_alignment=\u00a0\u00bbdefault\u00a0\u00bb column_border_width=\u00a0\u00bbnone\u00a0\u00bb column_border_style=\u00a0\u00bbsolid\u00a0\u00bb bg_image_animation=\u00a0\u00bbnone\u00a0\u00bb][vc_column_text]\n<h1>Charte de confidentialit\u00e9 Airwell<\/h1>\n<p>Version du 09 Janvier 2025[\/vc_column_text][vc_raw_html]JTNDc3BhbiUyMGNsYXNzJTNEJTIyZGl2aWRlci1ibGV1JTIyJTNFJTNDJTJGc3BhbiUzRQ==[\/vc_raw_html][\/vc_column][\/vc_row][vc_row type=\u00a0\u00bbin_container\u00a0\u00bb full_screen_row_position=\u00a0\u00bbmiddle\u00a0\u00bb column_margin=\u00a0\u00bbdefault\u00a0\u00bb column_direction=\u00a0\u00bbdefault\u00a0\u00bb column_direction_tablet=\u00a0\u00bbdefault\u00a0\u00bb column_direction_phone=\u00a0\u00bbdefault\u00a0\u00bb scene_position=\u00a0\u00bbcenter\u00a0\u00bb text_color=\u00a0\u00bbdark\u00a0\u00bb text_align=\u00a0\u00bbleft\u00a0\u00bb row_border_radius=\u00a0\u00bbnone\u00a0\u00bb row_border_radius_applies=\u00a0\u00bbbg\u00a0\u00bb overlay_strength=\u00a0\u00bb0.3&Prime; gradient_direction=\u00a0\u00bbleft_to_right\u00a0\u00bb shape_divider_position=\u00a0\u00bbbottom\u00a0\u00bb bg_image_animation=\u00a0\u00bbnone\u00a0\u00bb][vc_column column_padding=\u00a0\u00bbno-extra-padding\u00a0\u00bb column_padding_tablet=\u00a0\u00bbinherit\u00a0\u00bb column_padding_phone=\u00a0\u00bbinherit\u00a0\u00bb column_padding_position=\u00a0\u00bball\u00a0\u00bb background_color_opacity=\u00a0\u00bb1&Prime; background_hover_color_opacity=\u00a0\u00bb1&Prime; column_shadow=\u00a0\u00bbnone\u00a0\u00bb column_border_radius=\u00a0\u00bbnone\u00a0\u00bb column_link_target=\u00a0\u00bb_self\u00a0\u00bb gradient_direction=\u00a0\u00bbleft_to_right\u00a0\u00bb overlay_strength=\u00a0\u00bb0.3&Prime; width=\u00a0\u00bb1\/1&Prime; tablet_width_inherit=\u00a0\u00bbdefault\u00a0\u00bb tablet_text_alignment=\u00a0\u00bbdefault\u00a0\u00bb phone_text_alignment=\u00a0\u00bbdefault\u00a0\u00bb column_border_width=\u00a0\u00bbnone\u00a0\u00bb column_border_style=\u00a0\u00bbsolid\u00a0\u00bb bg_image_animation=\u00a0\u00bbnone\u00a0\u00bb][vc_column_text css_animation=\u00a0\u00bbnone\u00a0\u00bb]\n<p>La soci\u00e9t\u00e9 <strong>GROUPE AIRWELL<\/strong>, soci\u00e9t\u00e9 anonyme au capital de 304 177,10 euros, identifi\u00e9e sous le num\u00e9ro 824 596 795 RCS Versailles, dont le si\u00e8ge social est sis 10 rue du Fort de Saint-Cyr 78180 Montigny le Bretonneux, repr\u00e9sent\u00e9e par son Pr\u00e9sident, (ci-apr\u00e8s \u00ab <strong>AIRWELL<\/strong> \u00bb ou \u00ab <strong>Nous<\/strong>\u00bb) est une soci\u00e9t\u00e9 sp\u00e9cialis\u00e9e dans la distribution de solution de climatisation et chauffage r\u00e9sidentiels.<\/p>\n<p>Dans le cadre de ses activit\u00e9s commerciales, AIRWELL peut \u00eatre amen\u00e9e \u00e0 collecter et traiter certaines donn\u00e9es \u00e0 caract\u00e8re personnel au sens du R\u00e8glement g\u00e9n\u00e9ral du Parlement europ\u00e9en et du Conseil relatif \u00e0 la protection des donn\u00e9es personnelles n\u00b0\u00a02016\/679 du 27 avril 2016 (ci-apr\u00e8s le \u00ab\u00a0<strong>RGPD<\/strong>\u00ab\u00a0) et de la Loi Informatique &amp; Libert\u00e9s n\u00b0\u00a078\/17 du 6 janvier 1978 dans sa version en vigueur (ci-apr\u00e8s la \u00ab\u00a0<strong>Loi Informatique &amp; Libert\u00e9s<\/strong>\u00ab\u00a0) relatives \u00e0 ses clients particuliers ou professionnels.<\/p>\n<p>La pr\u00e9sente Charte de confidentialit\u00e9 (ci-apr\u00e8s la \u00ab\u00a0<strong>Charte<\/strong>\u00ab\u00a0) a donc \u00e9t\u00e9 r\u00e9dig\u00e9e pour permettre aux clients d&rsquo;AIRWELL, qu&rsquo;ils soient particuliers ou professionnels (ci-apr\u00e8s \u00ab\u00a0<strong>Vous<\/strong>\u00ab\u00a0), de comprendre quelles donn\u00e9es sont collect\u00e9es, pour quelles finalit\u00e9s, et quels sont les droits des personnes concern\u00e9es \u00e0 cet \u00e9gard.<\/p>\n<p>Cette Charte pourra \u00eatre modifi\u00e9e de temps \u00e0 autre. Toute modification sera mise en \u0153uvre apr\u00e8s Vous en avoir inform\u00e9 par tout autre moyen \u00e0 la disposition d&rsquo;AIRWELL. Toute nouvelle version de la Charte n&rsquo;est applicable que post\u00e9rieurement \u00e0 son entr\u00e9e en vigueur correspondant \u00e0 la date de la <em>\u00ab\u00a0version\u00a0\u00bb<\/em> ci-dessus.<\/p>\n<p><strong><u>Article 1<sup>er<\/sup> \u2013 Qui est le responsable du traitement des donn\u00e9es personnelles ?<\/u><\/strong><\/p>\n<p>AIRWELL, qui d\u00e9finit et met en \u0153uvre les traitements de donn\u00e9es \u00e0 caract\u00e8re personnel de ses clients, particuliers ou professionnels, soit directement, soit par le biais de sous-traitants, comme indiqu\u00e9 ci-apr\u00e8s, est, par l&rsquo;effet de la Loi Informatique &amp; Libert\u00e9s et du RGPD, r\u00e9put\u00e9e responsable desdits traitements et, \u00e0 cet \u00e9gard, assume les obligations l\u00e9gales et r\u00e8glementaires qui p\u00e8sent sur les responsables de traitements de donn\u00e9es \u00e0 caract\u00e8re personnel.<\/p>\n<p><strong><u>Article 2 &#8211; Quand des donn\u00e9es personnelles sont-elles collect\u00e9es et trait\u00e9es par AIRWELL ? <\/u><\/strong><\/p>\n<p>Dans le cadre de ses activit\u00e9s, AIRWELL peut \u00eatre conduite \u00e0 collecter et traiter des donn\u00e9es \u00e0 caract\u00e8re personnel au sens du RGPD et de la Loi Informatique &amp; Libert\u00e9s dans plusieurs situations :<\/p>\n<ul>\n<li><strong>lors de la cr\u00e9ation d&rsquo;un compte client<\/strong> : AIRWELL a besoin de certaines informations pour vous permettre de cr\u00e9er un compte client sur le site internet <a href=\"http:\/\/www.airwell-pro.fr\">airwell-pro.fr<\/a> (pour les professionnels uniquement) ;<\/li>\n<li><strong>lors de la commande d&rsquo;un produit aupr\u00e8s d&rsquo;AIRWELL <\/strong>: AIRWELL a besoin de certaines informations pour \u00e9mettre une facture et traiter la commande ;<\/li>\n<li><strong>lors de toute demande de service apr\u00e8s-vente<\/strong> : AIRWELL devra collecter certaines informations relatives \u00e0 la panne, par exemple, lesquelles figureront dans la fiche client ;<\/li>\n<li><strong>Lors de l&rsquo;envoi d&rsquo;une candidature \u00e0 AIRWELL : <\/strong>Des donn\u00e9es personnelles peuvent \u00eatre collect\u00e9es et utilis\u00e9es dans le cadre du processus de recrutement.<\/li>\n<li><strong>lors de la communication entre AIRWELL et ses clients <\/strong>: tout prospect et client (particulier ou professionnel) peut demander \u00e0 s&rsquo;abonner \u00e0 la lettre d&rsquo;information AIRWELL en renseignant son adresse \u00e9lectronique sur l&rsquo;un des sites internet AIRWELL. En outre, les \u00e9changes de communication entre AIRWELL et ses clients contiennent \u00e9ventuellement des donn\u00e9es \u00e0 caract\u00e8re personnel qui sont collect\u00e9es et trait\u00e9es par AIRWELL ;<\/li>\n<li><strong>lors<\/strong> <strong>de la navigation sur un site internet AIRWELL <\/strong>tel que <a href=\"https:\/\/www.airwell.com\">airwell.com<\/a> et <a href=\"http:\/\/www.airwell-pro.com\">www.airwell-pro.com<\/a>.<\/li>\n<\/ul>\n<p><strong><u>Article 3 &#8211; Quelles sont les donn\u00e9es personnelles qui sont collect\u00e9es et trait\u00e9es par AIRWELL ? <\/u><\/strong><\/p>\n<p>Les donn\u00e9es collect\u00e9es et trait\u00e9es par AIRWELL sont les suivantes :<\/p>\n<ul>\n<li><strong>donn\u00e9es d&rsquo;identit\u00e9 <\/strong>: <strong>pour les clients particuliers<\/strong>, il s&rsquo;agit g\u00e9n\u00e9ralement des nom et pr\u00e9nom du client, de ses coordonn\u00e9es personnelles, dont un num\u00e9ro de t\u00e9l\u00e9phone, une adresse e-mail et une adresse postale ; <strong>pour les clients professionnels<\/strong>, il s&rsquo;agit \u00e9galement de ses coordonn\u00e9es t\u00e9l\u00e9phoniques, postales et \u00e9lectroniques, ainsi que du type de client (installateur ou distributeur), et des coordonn\u00e9es des contacts au service commercial et au service financier, voire au service marketing et au service logistique ;<strong>\u00a0<\/strong><\/li>\n<li><strong>donn\u00e9es relatives \u00e0 une candidature<\/strong> : Ces donn\u00e9es incluent g\u00e9n\u00e9ralement le nom, les coordonn\u00e9es et le curriculum vitae du candidat. Les informations sont conserv\u00e9es conform\u00e9ment \u00e0 la l\u00e9gislation en vigueur et peuvent \u00eatre mises \u00e0 jour ou supprim\u00e9es sur demande du candidat en contactant AIRWELL.<\/li>\n<li><strong>donn\u00e9es relatives \u00e0 une commande<\/strong> : <strong>pour tous les clients<\/strong>, AIRWELL conserve l&rsquo;historique des commandes de produits, notamment afin de faciliter le suivi de chaque commande et la fourniture d&rsquo;un service apr\u00e8s-vente, le cas \u00e9ch\u00e9ant ; <strong>pour les professionnels<\/strong>, AIRWELL collecte \u00e9galement certaines informations relatives \u00e0 l&rsquo;encours et au chiffre d&rsquo;affaires g\u00e9n\u00e9r\u00e9 ;<\/li>\n<li><strong>donn\u00e9es relatives au service apr\u00e8s-vente <\/strong>;<\/li>\n<li><strong>autres donn\u00e9es<\/strong> : tous types de donn\u00e9es qui Nous sont communiqu\u00e9s par nos clients de leur propre initiative.<\/li>\n<\/ul>\n<p><strong><u>Article 4 &#8211; Sur quelle base l\u00e9gale les donn\u00e9es personnelles sont-elles collect\u00e9es et trait\u00e9es ? <\/u><\/strong><\/p>\n<p>Toutes les donn\u00e9es personnelles qui sont collect\u00e9es et trait\u00e9es par AIRWELL le sont en vertu d&rsquo;un fondement l\u00e9gal d\u00fbment identifi\u00e9 selon l&rsquo;article 6 du RGPD :<\/p>\n<ul>\n<li><strong>le contrat<\/strong> : les donn\u00e9es \u00e0 caract\u00e8re personnel sont g\u00e9n\u00e9ralement collect\u00e9es par AIRWELL dans le cadre de la commande d&rsquo;un produit, donc en ex\u00e9cution du contrat de vente de ce produit, y compris s&rsquo;agissant des prestations de service apr\u00e8s-vente ;<\/li>\n<li><strong>le<\/strong> <strong>consentement<\/strong> : tout prospect et client d&rsquo;AIRWELL peut d\u00e9cider de Nous confier certaines donn\u00e9es personnelles le concernant et exercer ses droits.<\/li>\n<li><strong>l<\/strong>&lsquo;<strong>int\u00e9r\u00eat l\u00e9gitime de AIRWELL <\/strong>: certaines donn\u00e9es collect\u00e9es, comme celles relatives \u00e0 l&rsquo;audience de nos sites internet, sont n\u00e9cessaires aux fins l\u00e9gitimes que Nous poursuivons, \u00e9tant pr\u00e9cis\u00e9 que ni la collecte ni le traitement de ces donn\u00e9es ne sont susceptibles de porter atteinte aux int\u00e9r\u00eats ou aux libert\u00e9s fondamentales qui sont les v\u00f4tres.<\/li>\n<li><strong>Le recrutement :<\/strong> Les donn\u00e9es personnelles des candidats envoyant leur candidature \u00e0 AIRWELL sont collect\u00e9es pour le processus de recrutement, conform\u00e9ment \u00e0 la l\u00e9gislation en vigueur.<\/li>\n<\/ul>\n<p><strong><u>Article 5 &#8211; Quelles sont les finalit\u00e9s de la collecte et du traitement des donn\u00e9es personnelles ?<\/u><\/strong><\/p>\n<p>AIRWELL n&rsquo;exploite les donn\u00e9es personnelles collect\u00e9es aupr\u00e8s de ses clients dans les hypoth\u00e8ses d\u00e9crites ci-dessus que pour les finalit\u00e9s suivantes :<\/p>\n<ul>\n<li><strong>pour permettre l&rsquo;ex\u00e9cution de toute commande<\/strong> <strong>aupr\u00e8s de AIRWELL <\/strong>: la collecte et le traitement des donn\u00e9es \u00e0 caract\u00e8re personnel des clients sont n\u00e9cessaires afin de permettre l&rsquo;ex\u00e9cution de la commande et, notamment, l&rsquo;\u00e9dition de la facture ou encore l&rsquo;envoi de l&rsquo;\u00e9quipement qui fait l&rsquo;objet de la commande ;<\/li>\n<li><strong>pour permettre \u00e0 AIRWELL de fournir des prestations de service apr\u00e8s-vente<\/strong> ;<\/li>\n<li><strong>pour permettre \u00e0 AIRWELL de correspondre avec Vous <\/strong>: ces donn\u00e9es peuvent \u00eatre trait\u00e9es pour les besoins de la communication entre AIRWELL et Vous, par exemple l&rsquo;envoi de lettres d&rsquo;informations lorsque Vous nous avez communiqu\u00e9 votre adresse \u00e9lectronique en ce sens, ou encore la mise en place d&rsquo;actions commerciales ;<\/li>\n<li><strong>pour<\/strong> <strong>permettre<\/strong> <strong>\u00e0 AIRWELL d&rsquo;am\u00e9liorer ses sites internet<\/strong>, notamment en analysant les statistiques li\u00e9es \u00e0 la navigation et au trafic sur ces sites.<\/li>\n<li><strong>Pour permettre \u00e0 AIRWELL de g\u00e9rer les processus de recrutement<\/strong> : la collecte et le traitement des donn\u00e9es personnelles des candidats sont n\u00e9cessaires pour \u00e9valuer les candidatures et communiquer avec les postulants tout au long du processus de recrutement.<\/li>\n<\/ul>\n<p><strong><u>Article 6 &#8211; \u00c0 qui les donn\u00e9es que nous collectons sont-elles communiqu\u00e9es ?<\/u><\/strong><\/p>\n<p>Les donn\u00e9es \u00e0 caract\u00e8re personnel que Vous Nous communiquez sont principalement destin\u00e9es \u00e0 AIRWELL. Il est \u00e9galement possible que certaines donn\u00e9es soient communiqu\u00e9es \u00e0 des tiers d\u00fbment identifi\u00e9s :<\/p>\n<ul>\n<li><strong>nos prestataires de services<\/strong> ou <strong>sous-traitants <\/strong>: AIRWELL peut contracter avec des prestataires de services tiers, en particulier des transporteurs ; AIRWELL recourt aux services de la soci\u00e9t\u00e9 GOOGLE s&rsquo;agissant de la mesure de l&rsquo;audience de ses sites internet (via le service <em>Google Analytics<\/em>). AIRWELL recourt aux services de la soci\u00e9t\u00e9 FLATCHR dans la gestion du processus de recrutement. Pour en savoir plus, veuillez Vous r\u00e9f\u00e9rer \u00e0 la charte AIRWELL d\u00e9di\u00e9e aux cookies.<\/li>\n<li><strong>les autorit\u00e9s<\/strong> : AIRWELL devra, le cas \u00e9ch\u00e9ant, coop\u00e9rer avec les autorit\u00e9s, \u00e9tatiques, administratives ou judiciaires, de m\u00eame que les autorit\u00e9s de supervision charg\u00e9es d&rsquo;assurer l&rsquo;ex\u00e9cution du RGPD et de la Loi Informatique &amp; Libert\u00e9s. Par cons\u00e9quent, Nous Nous r\u00e9servons le droit de divulguer toute information collect\u00e9e dans le cadre de Nos activit\u00e9s aux autorit\u00e9s comp\u00e9tentes lorsque AIRWELL est enjointe de le faire.<\/li>\n<\/ul>\n<p>En aucun cas AIRWELL ne transmet de donn\u00e9es \u00e0 caract\u00e8re personnel vous concernant \u00e0 des tiers \u00e0 des fins de prospection commerciale ou autres.<\/p>\n<p><strong><u>Article 7 &#8211; Combien de temps les donn\u00e9es personnelles sont-elles conserv\u00e9es par AIRWELL ?<\/u><\/strong><\/p>\n<p>AIRWELL ne conserve les donn\u00e9es personnelles concernant ses clients sous une forme identifiable que pendant la stricte dur\u00e9e n\u00e9cessaire \u00e0 l&rsquo;accomplissement de la finalit\u00e9 du traitement concern\u00e9. Ainsi, sch\u00e9matiquement :<\/p>\n<ul>\n<li><strong>les donn\u00e9es relatives \u00e0 l&rsquo;identit\u00e9 de Nos clients <\/strong>sont conserv\u00e9es pendant la dur\u00e9e de la relation contractuelle entre Vous et Nous, puis archiv\u00e9es pendant 5 (cinq) ans apr\u00e8s la fin de la relation contractuelle ;<\/li>\n<li><strong>certaines donn\u00e9es sont conserv\u00e9es pour la dur\u00e9e l\u00e9gale<\/strong>, en particulier lorsque la loi y contraint AIRWELL. C&rsquo;est le cas notamment de toutes les donn\u00e9es de facturation ;<\/li>\n<li><strong>les donn\u00e9es relatives \u00e0 la gestion des contentieux et des r\u00e9clamations<\/strong> sont conserv\u00e9es pendant le temps n\u00e9cessaire \u00e0 la gestion du contentieux ou de la r\u00e9clamation (en tenant compte des d\u00e9lais de recours) et jusqu&rsquo;\u00e0 la prescription de l&rsquo;action ;<\/li>\n<li><strong>les donn\u00e9es relatives aux recrutements<\/strong> sont conserv\u00e9es j<span class=\"ui-provider ed bcc bcd bce bcf bcg bch bci bcj bck bcl bcm bcn bco bcp bcq bcr bcs bct bcu bcv bcw bcx bcy bcz bda bdb bdc bdd bde bdf bdg bdh bdi bdj\" dir=\"ltr\">usqu&rsquo;\u00e0 <strong>2 ans avec le consentement<\/strong> (pour les candidats non-retenus) ou jusqu&rsquo;\u00e0 la <strong>conclusion du contrat de travail<\/strong> (pour les candidats embauch\u00e9s);<\/span><\/li>\n<li><strong>les donn\u00e9es relatives aux prospects<\/strong> sont conserv\u00e9es pour une dur\u00e9e de 3 (trois) ans maximum ;<\/li>\n<li><strong>les<\/strong> <strong>cookies sont conserv\u00e9es pour les dur\u00e9es mentionn\u00e9es dans le module de gestion des cookies<\/strong>.<\/li>\n<\/ul>\n<p><strong><u>Article 8 &#8211; Quels sont les droits des personnes relativement \u00e0 leurs donn\u00e9es personnelles ?<\/u><\/strong><\/p>\n<p>AIRWELL respecte les droits qui sont accord\u00e9s aux personnes physiques par le RGPD et la Loi Informatique &amp; Libert\u00e9s.<\/p>\n<p>Ainsi, chaque personne concern\u00e9e dispose du droit de demander l&rsquo;acc\u00e8s aux donn\u00e9es personnelles la concernant et qui sont conserv\u00e9es par AIRWELL, de m\u00eame que la rectification ou l&rsquo;effacement de celles-ci, voire la limitation du traitement relatif aux donn\u00e9es personnelles la concernant, ainsi que le droit de s&rsquo;opposer \u00e0 leur traitement.<\/p>\n<p>Toutefois, en cas de limitation du traitement ou d&rsquo;opposition au traitement, AIRWELL pourra \u00e9ventuellement ne plus \u00eatre en mesure d&rsquo;ex\u00e9cuter la commande, en totalit\u00e9 ou en partie. Au demeurant, certaines informations pourront malgr\u00e9 tout \u00eatre conserv\u00e9es par AIRWELL afin de se conformer \u00e0 ses obligations l\u00e9gales.<\/p>\n<p>Chaque personne physique peut d\u00e9finir des directives relatives \u00e0 la conservation, \u00e0 l&rsquo;effacement et \u00e0 la communication de ses donn\u00e9es personnelles apr\u00e8s son d\u00e9c\u00e8s. En l&rsquo;absence de telles directives, les donn\u00e9es personnelles les concernant seront conserv\u00e9es conform\u00e9ment aux paragraphes ci-dessus, \u00e0 moins que leurs h\u00e9ritiers ne demandent une suppression plus rapide.<\/p>\n<p>Pour exercer ces droits, la personne concern\u00e9e peut envoyer une demande en <strong><a href=\"https:\/\/login.mission-rgpd.app\/moovapps\/easysite\/workplace\/demande-droit?token=UVdseWQyVnNiQT09&amp;lg=fr\">cliquant ici\u00a0<\/a><\/strong><\/p>\n<p>Par ailleurs, chaque personne concern\u00e9e a le droit d&rsquo;introduire une r\u00e9clamation \u00e0 tout moment aupr\u00e8s de l&rsquo;autorit\u00e9 de contr\u00f4le comp\u00e9tente pour la protection de ses donn\u00e9es.\u00a0Pour ce faire, il est possible de s&rsquo;adresser \u00e0 l&rsquo;autorit\u00e9 de contr\u00f4le comp\u00e9tente pour la protection des donn\u00e9es de la r\u00e9gion dans laquelle cette personne demeure ou, en tout \u00e9tat de cause, la CNIL pour la France : <a href=\"http:\/\/www.cnil.fr\">www.cnil.fr<\/a>.<\/p>\n<p>Enfin, tout particulier concern\u00e9 est inform\u00e9 qu&rsquo;il peut s&rsquo;opposer au d\u00e9marchage t\u00e9l\u00e9phonique en s&rsquo;inscrivant sur le site internet <a href=\"http:\/\/www.bloctel.fr\">www.bloctel.fr<\/a>.<\/p>\n<p><strong><u>Article 9 &#8211; Comment les donn\u00e9es personnelles sont-elles prot\u00e9g\u00e9es par AIRWELL<\/u><\/strong><strong> ?<\/strong><\/p>\n<p>AIRWELL s&rsquo;engage \u00e0 mettre en \u0153uvre et \u00e0 maintenir, \u00e0 ses frais, des mesures, de nature \u00e0 la fois technique et organisationnelle, en mati\u00e8re de traitement et de s\u00e9curit\u00e9 des donn\u00e9es personnelles, conform\u00e9ment aux articles 32 \u00e0 34 du RGPD et 121 de la Loi Informatique &amp; Libert\u00e9s.<\/p>\n<p>AIRWELL veille ainsi \u00e0 ce que ces mesures techniques et organisationnelles soient de tous temps raisonnables et adapt\u00e9es aux risques particuliers pr\u00e9sent\u00e9s par ses activit\u00e9s de traitement, eu \u00e9gard \u00e0 la nature des informations collect\u00e9es et trait\u00e9es, en particulier pour prot\u00e9ger les donn\u00e9es personnelles contre la destruction, la perte, la modification, la divulgation non autoris\u00e9e, de mani\u00e8re accidentelle ou illicite.<\/p>\n<p>Ainsi, s&rsquo;agissant des <strong>mesures techniques<\/strong> mises en place par AIRWELL, citons notamment :<\/p>\n<ul>\n<li>l&rsquo;h\u00e9bergement des sites internet et de leurs donn\u00e9es est mis en \u0153uvre sur un serveur virtualis\u00e9 situ\u00e9 en France. Chaque nom de domaine est dot\u00e9 d&rsquo;un certificat. Un firewall est pr\u00e9sent en amont permettant de bloquer un grand nombre de tentatives de piratage sur les sites ;<\/li>\n<li>les comptes utilisateurs sont prot\u00e9g\u00e9s par une double authentification, de m\u00eame pour le VPN. Les ordinateurs sensibles sont crypt\u00e9s, les mots de passe doivent \u00eatre forts et les connexions RDP font l&rsquo;objet d&rsquo;un blocage d&rsquo;adresse IP.<\/li>\n<\/ul>\n<p>S&rsquo;agissant des <strong>mesures organisationnelles<\/strong>, seules les personnes ayant vocation \u00e0 conna\u00eetre des donn\u00e9es pour l&rsquo;exercice de leurs fonctions dans l&rsquo;entreprise y ont acc\u00e8s. En outre, les utilisateurs ne sont pas administrateurs des postes.<\/p>\n<p>AIRWELL s&rsquo;engage par ailleurs tenir, mettre \u00e0 jour et conserver un registre complet et pr\u00e9cis concernant les traitements de donn\u00e9es personnelles mis en \u0153uvre par elle. Ce registre d\u00e9taille ses activit\u00e9s de traitement.<\/p>\n<p><strong><u>Article 10 &#8211; Des transferts internationaux de donn\u00e9es sont-ils mis en \u0153uvre ?<\/u><\/strong><\/p>\n<p>Les sites internet d&rsquo;AIRWELL sont h\u00e9berg\u00e9s en France, de m\u00eame que l&rsquo;ensemble des solutions de stockage mises en \u0153uvre.<\/p>\n<p>Par exception, certaines donn\u00e9es relatives \u00e0 la mesure d&rsquo;audience peuvent faire l&rsquo;objet d&rsquo;un transfert international. Pour Vous opposer \u00e0 ce transfert, veuillez exprimer votre refus aupr\u00e8s de GOOGLE en cliquant sur ce lien : <a href=\"https:\/\/tools.google.com\/dlpage\/gaoptout?hl=fr\">https:\/\/tools.google.com\/dlpage\/gaoptout?hl=fr<\/a><\/p>\n<p><strong><u>Article 11 \u2013 D\u00e9l\u00e9gu\u00e9e \u00e0 la Protection des Donn\u00e9es<\/u><\/strong><\/p>\n<p>AIRWELL a d\u00e9sign\u00e9 une D\u00e9l\u00e9gu\u00e9e \u00e0 la Protection des Donn\u00e9es, qui peut \u00eatre contact\u00e9e via <strong><a href=\"https:\/\/login.mission-rgpd.app\/moovapps\/easysite\/workplace\/demande-droit?token=UVdseWQyVnNiQT09&amp;lg=fr\">ce lien\u00a0<\/a><\/strong><\/p>\n<p><strong><u>Article 12 &#8211; Pour plus d&rsquo;informations <\/u><\/strong><\/p>\n<p><strong>\u00a0<\/strong>Pour toute information compl\u00e9mentaire concernant la mani\u00e8re dont AIRWELL collecte et traite les donn\u00e9es personnelles qui lui sont confi\u00e9es, veuillez envoyer votre demande \u00e0 notre D\u00e9l\u00e9gu\u00e9e \u00e0 la Protection des Donn\u00e9es en <strong><a href=\"https:\/\/login.mission-rgpd.app\/moovapps\/easysite\/workplace\/demande-droit?token=UVdseWQyVnNiQT09&amp;lg=fr\">cliquant ici\u00a0<\/a><\/strong><\/p>\n<p style=\"text-align: center;\">* * *<\/p>\n[\/vc_column_text][\/vc_column][\/vc_row]\n","protected":false},"excerpt":{"rendered":"<p>[vc_row type=\u00a0\u00bbin_container\u00a0\u00bb full_screen_row_position=\u00a0\u00bbmiddle\u00a0\u00bb column_margin=\u00a0\u00bbdefault\u00a0\u00bb column_direction=\u00a0\u00bbdefault\u00a0\u00bb column_direction_tablet=\u00a0\u00bbdefault\u00a0\u00bb column_direction_phone=\u00a0\u00bbdefault\u00a0\u00bb scene_position=\u00a0\u00bbcenter\u00a0\u00bb text_color=\u00a0\u00bbdark\u00a0\u00bb text_align=\u00a0\u00bbleft\u00a0\u00bb row_border_radius=\u00a0\u00bbnone\u00a0\u00bb row_border_radius_applies=\u00a0\u00bbbg\u00a0\u00bb overlay_strength=\u00a0\u00bb0.3&Prime; gradient_direction=\u00a0\u00bbleft_to_right\u00a0\u00bb shape_divider_position=\u00a0\u00bbbottom\u00a0\u00bb bg_image_animation=\u00a0\u00bbnone\u00a0\u00bb][vc_column column_padding=\u00a0\u00bbno-extra-padding\u00a0\u00bb column_padding_tablet=\u00a0\u00bbinherit\u00a0\u00bb column_padding_phone=\u00a0\u00bbinherit\u00a0\u00bb column_padding_position=\u00a0\u00bball\u00a0\u00bb background_color_opacity=\u00a0\u00bb1&Prime; background_hover_color_opacity=\u00a0\u00bb1&Prime; column_shadow=\u00a0\u00bbnone\u00a0\u00bb column_border_radius=\u00a0\u00bbnone\u00a0\u00bb column_link_target=\u00a0\u00bb_self\u00a0\u00bb gradient_direction=\u00a0\u00bbleft_to_right\u00a0\u00bb overlay_strength=\u00a0\u00bb0.3&Prime; width=\u00a0\u00bb1\/1&Prime; tablet_width_inherit=\u00a0\u00bbdefault\u00a0\u00bb tablet_text_alignment=\u00a0\u00bbdefault\u00a0\u00bb&#8230;<\/p>\n","protected":false},"author":4,"featured_media":0,"parent":0,"menu_order":0,"comment_status":"closed","ping_status":"closed","template":"","meta":{"inline_featured_image":false,"footnotes":""},"class_list":["post-1510","page","type-page","status-publish"],"aioseo_notices":[],"aioseo_head":"\n\t\t<!-- All in One SEO 5.0.1.1 - aioseo.com -->\n\t<meta name=\"description\" content=\"Charte de confidentialit\u00e9 Airwell Version du 09 Janvier 2025 La soci\u00e9t\u00e9 GROUPE AIRWELL, soci\u00e9t\u00e9 anonyme au capital de 304 177,10 euros, identifi\u00e9e sous le num\u00e9ro 824 596 795 RCS Versailles, dont le si\u00e8ge social est sis 10 rue du Fort de Saint-Cyr 78180 Montigny le Bretonneux, repr\u00e9sent\u00e9e par son Pr\u00e9sident, (ci-apr\u00e8s \u00ab AIRWELL \u00bb ou\" \/>\n\t<meta name=\"robots\" content=\"noindex, nofollow, max-snippet:-1, max-image-preview:large, max-video-preview:-1\" \/>\n\t<link rel=\"canonical\" href=\"https:\/\/www.airwell.com\/fr\/charte-de-confidentialite\/\" \/>\n\t<meta name=\"generator\" content=\"All in One SEO (AIOSEO) 5.0.1.1\" \/>\n\t\t<meta property=\"og:locale\" content=\"fr_FR\" \/>\n\t\t<meta property=\"og:site_name\" content=\"Airwell - Solutions de Climatisation et Chauffage\" \/>\n\t\t<meta property=\"og:type\" content=\"article\" \/>\n\t\t<meta property=\"og:title\" content=\"Charte de confidentialit\u00e9 - Airwell\" \/>\n\t\t<meta property=\"og:description\" content=\"Charte de confidentialit\u00e9 Airwell Version du 09 Janvier 2025 La soci\u00e9t\u00e9 GROUPE AIRWELL, soci\u00e9t\u00e9 anonyme au capital de 304 177,10 euros, identifi\u00e9e sous le num\u00e9ro 824 596 795 RCS Versailles, dont le si\u00e8ge social est sis 10 rue du Fort de Saint-Cyr 78180 Montigny le Bretonneux, repr\u00e9sent\u00e9e par son Pr\u00e9sident, (ci-apr\u00e8s \u00ab AIRWELL \u00bb ou\" \/>\n\t\t<meta property=\"og:url\" content=\"https:\/\/www.airwell.com\/fr\/charte-de-confidentialite\/\" \/>\n\t\t<meta property=\"og:image\" content=\"https:\/\/www.airwell.com\/wp-content\/uploads\/2020\/11\/slider_video.png\" \/>\n\t\t<meta property=\"og:image:secure_url\" content=\"https:\/\/www.airwell.com\/wp-content\/uploads\/2020\/11\/slider_video.png\" \/>\n\t\t<meta property=\"og:image:width\" content=\"1474\" \/>\n\t\t<meta property=\"og:image:height\" content=\"819\" \/>\n\t\t<meta property=\"article:published_time\" content=\"2021-03-03T13:11:54+00:00\" \/>\n\t\t<meta property=\"article:modified_time\" content=\"2025-01-09T15:51:00+00:00\" \/>\n\t\t<meta name=\"twitter:card\" content=\"summary\" \/>\n\t\t<meta name=\"twitter:title\" content=\"Charte de confidentialit\u00e9 - Airwell\" \/>\n\t\t<meta name=\"twitter:description\" content=\"Charte de confidentialit\u00e9 Airwell Version du 09 Janvier 2025 La soci\u00e9t\u00e9 GROUPE AIRWELL, soci\u00e9t\u00e9 anonyme au capital de 304 177,10 euros, identifi\u00e9e sous le num\u00e9ro 824 596 795 RCS Versailles, dont le si\u00e8ge social est sis 10 rue du Fort de Saint-Cyr 78180 Montigny le Bretonneux, repr\u00e9sent\u00e9e par son Pr\u00e9sident, (ci-apr\u00e8s \u00ab AIRWELL \u00bb ou\" \/>\n\t\t<meta name=\"twitter:image\" content=\"https:\/\/www.airwell.com\/wp-content\/uploads\/2020\/11\/slider_video.png\" \/>\n\t\t<script type=\"application\/ld+json\" class=\"aioseo-schema\">\n\t\t\t{\"@context\":\"https:\\\/\\\/schema.org\",\"@graph\":[{\"@type\":\"BreadcrumbList\",\"@id\":\"https:\\\/\\\/www.airwell.com\\\/fr\\\/charte-de-confidentialite\\\/#breadcrumblist\",\"itemListElement\":[{\"@type\":\"ListItem\",\"@id\":\"https:\\\/\\\/www.airwell.com\\\/fr\\\/#listItem\",\"position\":1,\"name\":\"Accueil\",\"item\":\"https:\\\/\\\/www.airwell.com\\\/fr\\\/\",\"nextItem\":{\"@type\":\"ListItem\",\"@id\":\"https:\\\/\\\/www.airwell.com\\\/fr\\\/charte-de-confidentialite\\\/#listItem\",\"name\":\"Charte de confidentialit\\u00e9\"}},{\"@type\":\"ListItem\",\"@id\":\"https:\\\/\\\/www.airwell.com\\\/fr\\\/charte-de-confidentialite\\\/#listItem\",\"position\":2,\"name\":\"Charte de confidentialit\\u00e9\",\"previousItem\":{\"@type\":\"ListItem\",\"@id\":\"https:\\\/\\\/www.airwell.com\\\/fr\\\/#listItem\",\"name\":\"Accueil\"}}]},{\"@type\":\"Organization\",\"@id\":\"https:\\\/\\\/www.airwell.com\\\/fr\\\/#organization\",\"name\":\"Airwell\",\"description\":\"Solutions de Climatisation et Chauffage\",\"url\":\"https:\\\/\\\/www.airwell.com\\\/fr\\\/\",\"telephone\":\"+33176218200\",\"logo\":{\"@type\":\"ImageObject\",\"url\":\"https:\\\/\\\/www.airwell.com\\\/wp-content\\\/uploads\\\/2020\\\/11\\\/Logo_Airwell.svg\",\"@id\":\"https:\\\/\\\/www.airwell.com\\\/fr\\\/charte-de-confidentialite\\\/#organizationLogo\",\"width\":157,\"height\":37},\"image\":{\"@id\":\"https:\\\/\\\/www.airwell.com\\\/fr\\\/charte-de-confidentialite\\\/#organizationLogo\"},\"sameAs\":[\"https:\\\/\\\/www.youtube.com\\\/channel\\\/UCKceazQwwi_h-1vHklDDtWg\",\"https:\\\/\\\/www.linkedin.com\\\/company\\\/airwell\\\/\"]},{\"@type\":\"WebPage\",\"@id\":\"https:\\\/\\\/www.airwell.com\\\/fr\\\/charte-de-confidentialite\\\/#webpage\",\"url\":\"https:\\\/\\\/www.airwell.com\\\/fr\\\/charte-de-confidentialite\\\/\",\"name\":\"Charte de confidentialit\\u00e9 - Airwell\",\"description\":\"Charte de confidentialit\\u00e9 Airwell Version du 09 Janvier 2025 La soci\\u00e9t\\u00e9 GROUPE AIRWELL, soci\\u00e9t\\u00e9 anonyme au capital de 304 177,10 euros, identifi\\u00e9e sous le num\\u00e9ro 824 596 795 RCS Versailles, dont le si\\u00e8ge social est sis 10 rue du Fort de Saint-Cyr 78180 Montigny le Bretonneux, repr\\u00e9sent\\u00e9e par son Pr\\u00e9sident, (ci-apr\\u00e8s \\u00ab AIRWELL \\u00bb ou\",\"inLanguage\":\"fr-FR\",\"isPartOf\":{\"@id\":\"https:\\\/\\\/www.airwell.com\\\/fr\\\/#website\"},\"breadcrumb\":{\"@id\":\"https:\\\/\\\/www.airwell.com\\\/fr\\\/charte-de-confidentialite\\\/#breadcrumblist\"},\"datePublished\":\"2021-03-03T14:11:54+01:00\",\"dateModified\":\"2025-01-09T16:51:00+01:00\"},{\"@type\":\"WebSite\",\"@id\":\"https:\\\/\\\/www.airwell.com\\\/fr\\\/#website\",\"url\":\"https:\\\/\\\/www.airwell.com\\\/fr\\\/\",\"name\":\"Airwell\",\"description\":\"Solutions de Climatisation et Chauffage\",\"inLanguage\":\"fr-FR\",\"publisher\":{\"@id\":\"https:\\\/\\\/www.airwell.com\\\/fr\\\/#organization\"}}]}\n\t\t<\/script>\n\t\t<!-- All in One SEO -->\n\n","aioseo_head_json":{"title":"Charte de confidentialit\u00e9 - Airwell","description":"Charte de confidentialit\u00e9 Airwell Version du 09 Janvier 2025 La soci\u00e9t\u00e9 GROUPE AIRWELL, soci\u00e9t\u00e9 anonyme au capital de 304 177,10 euros, identifi\u00e9e sous le num\u00e9ro 824 596 795 RCS Versailles, dont le si\u00e8ge social est sis 10 rue du Fort de Saint-Cyr 78180 Montigny le Bretonneux, repr\u00e9sent\u00e9e par son Pr\u00e9sident, (ci-apr\u00e8s \u00ab AIRWELL \u00bb ou","canonical_url":"https:\/\/www.airwell.com\/fr\/charte-de-confidentialite\/","robots":"noindex, nofollow, max-snippet:-1, max-image-preview:large, max-video-preview:-1","keywords":"","webmasterTools":{"miscellaneous":""},"schema":{"@context":"https:\/\/schema.org","@graph":[{"@type":"BreadcrumbList","@id":"https:\/\/www.airwell.com\/fr\/charte-de-confidentialite\/#breadcrumblist","itemListElement":[{"@type":"ListItem","@id":"https:\/\/www.airwell.com\/fr\/#listItem","position":1,"name":"Accueil","item":"https:\/\/www.airwell.com\/fr\/","nextItem":{"@type":"ListItem","@id":"https:\/\/www.airwell.com\/fr\/charte-de-confidentialite\/#listItem","name":"Charte de confidentialit\u00e9"}},{"@type":"ListItem","@id":"https:\/\/www.airwell.com\/fr\/charte-de-confidentialite\/#listItem","position":2,"name":"Charte de confidentialit\u00e9","previousItem":{"@type":"ListItem","@id":"https:\/\/www.airwell.com\/fr\/#listItem","name":"Accueil"}}]},{"@type":"Organization","@id":"https:\/\/www.airwell.com\/fr\/#organization","name":"Airwell","description":"Solutions de Climatisation et Chauffage","url":"https:\/\/www.airwell.com\/fr\/","telephone":"+33176218200","logo":{"@type":"ImageObject","url":"https:\/\/www.airwell.com\/wp-content\/uploads\/2020\/11\/Logo_Airwell.svg","@id":"https:\/\/www.airwell.com\/fr\/charte-de-confidentialite\/#organizationLogo","width":157,"height":37},"image":{"@id":"https:\/\/www.airwell.com\/fr\/charte-de-confidentialite\/#organizationLogo"},"sameAs":["https:\/\/www.youtube.com\/channel\/UCKceazQwwi_h-1vHklDDtWg","https:\/\/www.linkedin.com\/company\/airwell\/"]},{"@type":"WebPage","@id":"https:\/\/www.airwell.com\/fr\/charte-de-confidentialite\/#webpage","url":"https:\/\/www.airwell.com\/fr\/charte-de-confidentialite\/","name":"Charte de confidentialit\u00e9 - Airwell","description":"Charte de confidentialit\u00e9 Airwell Version du 09 Janvier 2025 La soci\u00e9t\u00e9 GROUPE AIRWELL, soci\u00e9t\u00e9 anonyme au capital de 304 177,10 euros, identifi\u00e9e sous le num\u00e9ro 824 596 795 RCS Versailles, dont le si\u00e8ge social est sis 10 rue du Fort de Saint-Cyr 78180 Montigny le Bretonneux, repr\u00e9sent\u00e9e par son Pr\u00e9sident, (ci-apr\u00e8s \u00ab AIRWELL \u00bb ou","inLanguage":"fr-FR","isPartOf":{"@id":"https:\/\/www.airwell.com\/fr\/#website"},"breadcrumb":{"@id":"https:\/\/www.airwell.com\/fr\/charte-de-confidentialite\/#breadcrumblist"},"datePublished":"2021-03-03T14:11:54+01:00","dateModified":"2025-01-09T16:51:00+01:00"},{"@type":"WebSite","@id":"https:\/\/www.airwell.com\/fr\/#website","url":"https:\/\/www.airwell.com\/fr\/","name":"Airwell","description":"Solutions de Climatisation et Chauffage","inLanguage":"fr-FR","publisher":{"@id":"https:\/\/www.airwell.com\/fr\/#organization"}}]},"og:locale":"fr_FR","og:site_name":"Airwell - Solutions de Climatisation et Chauffage","og:type":"article","og:title":"Charte de confidentialit\u00e9 - Airwell","og:description":"Charte de confidentialit\u00e9 Airwell Version du 09 Janvier 2025 La soci\u00e9t\u00e9 GROUPE AIRWELL, soci\u00e9t\u00e9 anonyme au capital de 304 177,10 euros, identifi\u00e9e sous le num\u00e9ro 824 596 795 RCS Versailles, dont le si\u00e8ge social est sis 10 rue du Fort de Saint-Cyr 78180 Montigny le Bretonneux, repr\u00e9sent\u00e9e par son Pr\u00e9sident, (ci-apr\u00e8s \u00ab AIRWELL \u00bb ou","og:url":"https:\/\/www.airwell.com\/fr\/charte-de-confidentialite\/","og:image":"https:\/\/www.airwell.com\/wp-content\/uploads\/2020\/11\/slider_video.png","og:image:secure_url":"https:\/\/www.airwell.com\/wp-content\/uploads\/2020\/11\/slider_video.png","og:image:width":1474,"og:image:height":819,"article:published_time":"2021-03-03T13:11:54+00:00","article:modified_time":"2025-01-09T15:51:00+00:00","twitter:card":"summary","twitter:title":"Charte de confidentialit\u00e9 - Airwell","twitter:description":"Charte de confidentialit\u00e9 Airwell Version du 09 Janvier 2025 La soci\u00e9t\u00e9 GROUPE AIRWELL, soci\u00e9t\u00e9 anonyme au capital de 304 177,10 euros, identifi\u00e9e sous le num\u00e9ro 824 596 795 RCS Versailles, dont le si\u00e8ge social est sis 10 rue du Fort de Saint-Cyr 78180 Montigny le Bretonneux, repr\u00e9sent\u00e9e par son Pr\u00e9sident, (ci-apr\u00e8s \u00ab AIRWELL \u00bb ou","twitter:image":"https:\/\/www.airwell.com\/wp-content\/uploads\/2020\/11\/slider_video.png"},"aioseo_meta_data":{"post_id":"1510","title":null,"description":null,"keywords":[],"keyphrases":{"focus":[],"additional":[]},"primary_term":null,"canonical_url":null,"og_title":null,"og_description":null,"og_object_type":"default","og_image_type":"default","og_image_url":null,"og_image_width":null,"og_image_height":null,"og_image_custom_url":null,"og_image_custom_fields":null,"og_video":"","og_custom_url":null,"og_article_section":null,"og_article_tags":[],"twitter_use_og":false,"twitter_card":"default","twitter_image_type":"default","twitter_image_url":null,"twitter_image_custom_url":null,"twitter_image_custom_fields":null,"twitter_title":null,"twitter_description":null,"schema":{"blockGraphs":[],"customGraphs":[],"default":{"data":{"Article":[],"Course":[],"Dataset":[],"FAQPage":[],"Movie":[],"Person":[],"Product":[],"ProductReview":[],"Car":[],"Recipe":[],"Service":[],"SoftwareApplication":[],"WebPage":{"id":"#aioseo-web-page-63f32ffa63279","slug":"web-page","graphName":"WebPage","label":"Web Page","properties":{"type":"WebPage","name":"","description":""}}},"graphName":"WebPage","isEnabled":true},"graphs":[]},"schema_type":"default","schema_type_options":"{\"article\":{\"articleType\":\"BlogPosting\"},\"course\":{\"name\":\"\",\"description\":\"\",\"provider\":\"\"},\"faq\":{\"pages\":[]},\"product\":{\"reviews\":[]},\"recipe\":{\"ingredients\":[],\"instructions\":[],\"keywords\":[]},\"software\":{\"reviews\":[],\"operatingSystems\":[]},\"webPage\":{\"webPageType\":\"WebPage\"}}","pillar_content":false,"robots_default":false,"robots_noindex":true,"robots_noarchive":false,"robots_nosnippet":false,"robots_nofollow":true,"robots_noimageindex":false,"robots_noodp":false,"robots_notranslate":false,"robots_max_snippet":"-1","robots_max_videopreview":"-1","robots_max_imagepreview":"large","priority":null,"frequency":"default","local_seo":null,"breadcrumb_settings":null,"limit_modified_date":false,"ai":null,"created":"2021-03-03 13:46:43","updated":"2026-08-12 07:30:16","seo_analyzer_scan_date":null,"focus_keyword":null,"additional_keywords":null,"truseo_locale":null},"featured_image_src":null,"_links":{"self":[{"href":"https:\/\/www.airwell.com\/fr\/wp-json\/wp\/v2\/pages\/1510","targetHints":{"allow":["GET"]}}],"collection":[{"href":"https:\/\/www.airwell.com\/fr\/wp-json\/wp\/v2\/pages"}],"about":[{"href":"https:\/\/www.airwell.com\/fr\/wp-json\/wp\/v2\/types\/page"}],"author":[{"embeddable":true,"href":"https:\/\/www.airwell.com\/fr\/wp-json\/wp\/v2\/users\/4"}],"replies":[{"embeddable":true,"href":"https:\/\/www.airwell.com\/fr\/wp-json\/wp\/v2\/comments?post=1510"}],"version-history":[{"count":20,"href":"https:\/\/www.airwell.com\/fr\/wp-json\/wp\/v2\/pages\/1510\/revisions"}],"predecessor-version":[{"id":35866,"href":"https:\/\/www.airwell.com\/fr\/wp-json\/wp\/v2\/pages\/1510\/revisions\/35866"}],"wp:attachment":[{"href":"https:\/\/www.airwell.com\/fr\/wp-json\/wp\/v2\/media?parent=1510"}],"curies":[{"name":"wp","href":"https:\/\/api.w.org\/{rel}","templated":true}]}}