{"id":15793,"date":"2021-10-13T12:06:38","date_gmt":"2021-10-13T10:06:38","guid":{"rendered":"https:\/\/www.airwell.com\/informazioni-legali\/"},"modified":"2021-10-18T18:08:15","modified_gmt":"2021-10-18T16:08:15","slug":"note-legali","status":"publish","type":"page","link":"https:\/\/www.airwell.com\/it\/note-legali\/","title":{"rendered":"Note legali"},"content":{"rendered":"[vc_row type=&#8221;in_container&#8221; full_screen_row_position=&#8221;middle&#8221; column_margin=&#8221;default&#8221; column_direction=&#8221;default&#8221; column_direction_tablet=&#8221;default&#8221; column_direction_phone=&#8221;default&#8221; scene_position=&#8221;center&#8221; text_color=&#8221;dark&#8221; text_align=&#8221;left&#8221; row_border_radius=&#8221;none&#8221; row_border_radius_applies=&#8221;bg&#8221; overlay_strength=&#8221;0.3&#8243; gradient_direction=&#8221;left_to_right&#8221; shape_divider_position=&#8221;bottom&#8221; bg_image_animation=&#8221;none&#8221;][vc_column column_padding=&#8221;no-extra-padding&#8221; column_padding_tablet=&#8221;inherit&#8221; column_padding_phone=&#8221;inherit&#8221; column_padding_position=&#8221;all&#8221; background_color_opacity=&#8221;1&#8243; background_hover_color_opacity=&#8221;1&#8243; column_shadow=&#8221;none&#8221; column_border_radius=&#8221;none&#8221; column_link_target=&#8221;_self&#8221; gradient_direction=&#8221;left_to_right&#8221; overlay_strength=&#8221;0.3&#8243; width=&#8221;1\/1&#8243; tablet_width_inherit=&#8221;default&#8221; tablet_text_alignment=&#8221;default&#8221; phone_text_alignment=&#8221;default&#8221; column_border_width=&#8221;none&#8221; column_border_style=&#8221;solid&#8221; bg_image_animation=&#8221;none&#8221;][vc_column_text]\n<h1>Informazioni legali<\/h1>\n[\/vc_column_text][vc_raw_html]PHNwYW4gY2xhc3M9ImRpdmlkZXItYmxldSI+PC9zcGFuPg==[\/vc_raw_html][\/vc_column][\/vc_row][vc_row type=&#8221;in_container&#8221; full_screen_row_position=&#8221;middle&#8221; column_margin=&#8221;default&#8221; column_direction=&#8221;default&#8221; column_direction_tablet=&#8221;default&#8221; column_direction_phone=&#8221;default&#8221; scene_position=&#8221;center&#8221; text_color=&#8221;dark&#8221; text_align=&#8221;left&#8221; row_border_radius=&#8221;none&#8221; row_border_radius_applies=&#8221;bg&#8221; overlay_strength=&#8221;0.3&#8243; gradient_direction=&#8221;left_to_right&#8221; shape_divider_position=&#8221;bottom&#8221; bg_image_animation=&#8221;none&#8221;][vc_column column_padding=&#8221;no-extra-padding&#8221; column_padding_tablet=&#8221;inherit&#8221; column_padding_phone=&#8221;inherit&#8221; column_padding_position=&#8221;all&#8221; background_color_opacity=&#8221;1&#8243; background_hover_color_opacity=&#8221;1&#8243; column_shadow=&#8221;none&#8221; column_border_radius=&#8221;none&#8221; column_link_target=&#8221;_self&#8221; gradient_direction=&#8221;left_to_right&#8221; overlay_strength=&#8221;0.3&#8243; width=&#8221;1\/1&#8243; tablet_width_inherit=&#8221;default&#8221; tablet_text_alignment=&#8221;default&#8221; phone_text_alignment=&#8221;default&#8221; column_border_width=&#8221;none&#8221; column_border_style=&#8221;solid&#8221; bg_image_animation=&#8221;none&#8221;][vc_column_text css_animation=&#8221;none&#8221;]\n<p><strong>Informazioni generali sul funzionamento di questo sito web<\/strong><u><br \/><\/u>Questo sito web, accessibile all&#8217;indirizzo www.airwell.com \u00e8 di propriet\u00e0 di Airwell Residential<\/p>\n<p><strong>Nome della societ\u00e0 e sede legale<\/strong><br \/>Airwell Residential SAS<br \/>10 Rue du Fort de Saint Cyr<br \/>78180 Montigny Le Bretonneux<br \/>RCS Versailles: B 752 800 862<\/p>\n<p><strong>Partita IVA intracomunitaria<\/strong><br \/>FR01752800862<\/p>\n<p><strong>Direttore della pubblicazione<\/strong><br \/>Damien Riccio<\/p>\n<p><strong>Host<\/strong><br \/>Gruppo DIS &#8211; 14 Rue Ambroise Croizat Parigi 93200 &#8211; Saint-Denis Tel: (+33) 3 20 09 11 68<\/p>\n<p>Ultimo aggiornamento: 01\/04\/2021<\/p>\n<p>&nbsp;<\/p>\n[\/vc_column_text][\/vc_column][\/vc_row]\n","protected":false},"excerpt":{"rendered":"<p>[vc_row type=&#8221;in_container&#8221; full_screen_row_position=&#8221;middle&#8221; column_margin=&#8221;default&#8221; column_direction=&#8221;default&#8221; column_direction_tablet=&#8221;default&#8221; column_direction_phone=&#8221;default&#8221; scene_position=&#8221;center&#8221; text_color=&#8221;dark&#8221; text_align=&#8221;left&#8221; row_border_radius=&#8221;none&#8221; row_border_radius_applies=&#8221;bg&#8221; overlay_strength=&#8221;0.3&#8243; gradient_direction=&#8221;left_to_right&#8221; shape_divider_position=&#8221;bottom&#8221; bg_image_animation=&#8221;none&#8221;][vc_column column_padding=&#8221;no-extra-padding&#8221; column_padding_tablet=&#8221;inherit&#8221; column_padding_phone=&#8221;inherit&#8221; column_padding_position=&#8221;all&#8221; background_color_opacity=&#8221;1&#8243; background_hover_color_opacity=&#8221;1&#8243; column_shadow=&#8221;none&#8221; column_border_radius=&#8221;none&#8221; column_link_target=&#8221;_self&#8221; gradient_direction=&#8221;left_to_right&#8221; overlay_strength=&#8221;0.3&#8243; width=&#8221;1\/1&#8243; tablet_width_inherit=&#8221;default&#8221; tablet_text_alignment=&#8221;default&#8221;&#8230;<\/p>\n","protected":false},"author":4,"featured_media":0,"parent":0,"menu_order":0,"comment_status":"closed","ping_status":"closed","template":"","meta":{"inline_featured_image":false,"footnotes":""},"class_list":["post-15793","page","type-page","status-publish"],"aioseo_notices":[],"aioseo_head":"\n\t\t<!-- All in One SEO 5.0.1.1 - aioseo.com -->\n\t<meta name=\"description\" content=\"Informazioni legali Informazioni generali sul funzionamento di questo sito webQuesto sito web, accessibile all\u2019indirizzo www.airwell.com \u00e8 di propriet\u00e0 di Airwell Residential Nome della societ\u00e0 e sede legaleAirwell Residential SAS10 Rue du Fort de Saint Cyr78180 Montigny Le BretonneuxRCS Versailles: B 752 800 862 Partita IVA intracomunitariaFR01752800862 Direttore della pubblicazioneDamien Riccio HostGruppo DIS \u2013 14 Rue\" \/>\n\t<meta name=\"robots\" content=\"noindex, nofollow, noarchive, max-snippet:-1, max-image-preview:large, max-video-preview:-1\" \/>\n\t<link rel=\"canonical\" href=\"https:\/\/www.airwell.com\/it\/note-legali\/\" \/>\n\t<meta name=\"generator\" content=\"All in One SEO (AIOSEO) 5.0.1.1\" \/>\n\t\t<meta property=\"og:locale\" content=\"it_IT\" \/>\n\t\t<meta property=\"og:site_name\" content=\"Airwell - Soluzioni di aria condizionata e riscaldamento\" \/>\n\t\t<meta property=\"og:type\" content=\"article\" \/>\n\t\t<meta property=\"og:title\" content=\"Note legali - Airwell\" \/>\n\t\t<meta property=\"og:description\" content=\"Informazioni legali Informazioni generali sul funzionamento di questo sito webQuesto sito web, accessibile all\u2019indirizzo www.airwell.com \u00e8 di propriet\u00e0 di Airwell Residential Nome della societ\u00e0 e sede legaleAirwell Residential SAS10 Rue du Fort de Saint Cyr78180 Montigny Le BretonneuxRCS Versailles: B 752 800 862 Partita IVA intracomunitariaFR01752800862 Direttore della pubblicazioneDamien Riccio HostGruppo DIS \u2013 14 Rue\" \/>\n\t\t<meta property=\"og:url\" content=\"https:\/\/www.airwell.com\/it\/note-legali\/\" \/>\n\t\t<meta property=\"og:image\" content=\"https:\/\/www.airwell.com\/wp-content\/uploads\/2020\/11\/slider_video.png\" \/>\n\t\t<meta property=\"og:image:secure_url\" content=\"https:\/\/www.airwell.com\/wp-content\/uploads\/2020\/11\/slider_video.png\" \/>\n\t\t<meta property=\"og:image:width\" content=\"1474\" \/>\n\t\t<meta property=\"og:image:height\" content=\"819\" \/>\n\t\t<meta property=\"article:published_time\" content=\"2021-10-13T10:06:38+00:00\" \/>\n\t\t<meta property=\"article:modified_time\" content=\"2021-10-18T16:08:15+00:00\" \/>\n\t\t<meta name=\"twitter:card\" content=\"summary\" \/>\n\t\t<meta name=\"twitter:title\" content=\"Note legali - Airwell\" \/>\n\t\t<meta name=\"twitter:description\" content=\"Informazioni legali Informazioni generali sul funzionamento di questo sito webQuesto sito web, accessibile all\u2019indirizzo www.airwell.com \u00e8 di propriet\u00e0 di Airwell Residential Nome della societ\u00e0 e sede legaleAirwell Residential SAS10 Rue du Fort de Saint Cyr78180 Montigny Le BretonneuxRCS Versailles: B 752 800 862 Partita IVA intracomunitariaFR01752800862 Direttore della pubblicazioneDamien Riccio HostGruppo DIS \u2013 14 Rue\" \/>\n\t\t<meta name=\"twitter:image\" content=\"https:\/\/www.airwell.com\/wp-content\/uploads\/2020\/11\/slider_video.png\" \/>\n\t\t<script type=\"application\/ld+json\" class=\"aioseo-schema\">\n\t\t\t{\"@context\":\"https:\\\/\\\/schema.org\",\"@graph\":[{\"@type\":\"BreadcrumbList\",\"@id\":\"https:\\\/\\\/www.airwell.com\\\/it\\\/note-legali\\\/#breadcrumblist\",\"itemListElement\":[{\"@type\":\"ListItem\",\"@id\":\"https:\\\/\\\/www.airwell.com\\\/it\\\/#listItem\",\"position\":1,\"name\":\"Accueil\",\"item\":\"https:\\\/\\\/www.airwell.com\\\/it\\\/\",\"nextItem\":{\"@type\":\"ListItem\",\"@id\":\"https:\\\/\\\/www.airwell.com\\\/it\\\/note-legali\\\/#listItem\",\"name\":\"Note legali\"}},{\"@type\":\"ListItem\",\"@id\":\"https:\\\/\\\/www.airwell.com\\\/it\\\/note-legali\\\/#listItem\",\"position\":2,\"name\":\"Note legali\",\"previousItem\":{\"@type\":\"ListItem\",\"@id\":\"https:\\\/\\\/www.airwell.com\\\/it\\\/#listItem\",\"name\":\"Accueil\"}}]},{\"@type\":\"Organization\",\"@id\":\"https:\\\/\\\/www.airwell.com\\\/it\\\/#organization\",\"name\":\"Airwell\",\"description\":\"Soluzioni di aria condizionata e riscaldamento\",\"url\":\"https:\\\/\\\/www.airwell.com\\\/it\\\/\",\"telephone\":\"+33176218200\",\"logo\":{\"@type\":\"ImageObject\",\"url\":\"https:\\\/\\\/www.airwell.com\\\/wp-content\\\/uploads\\\/2020\\\/11\\\/Logo_Airwell.svg\",\"@id\":\"https:\\\/\\\/www.airwell.com\\\/it\\\/note-legali\\\/#organizationLogo\",\"width\":157,\"height\":37},\"image\":{\"@id\":\"https:\\\/\\\/www.airwell.com\\\/it\\\/note-legali\\\/#organizationLogo\"},\"sameAs\":[\"https:\\\/\\\/www.youtube.com\\\/channel\\\/UCKceazQwwi_h-1vHklDDtWg\",\"https:\\\/\\\/www.linkedin.com\\\/company\\\/airwell\\\/\"]},{\"@type\":\"WebPage\",\"@id\":\"https:\\\/\\\/www.airwell.com\\\/it\\\/note-legali\\\/#webpage\",\"url\":\"https:\\\/\\\/www.airwell.com\\\/it\\\/note-legali\\\/\",\"name\":\"Note legali - Airwell\",\"description\":\"Informazioni legali Informazioni generali sul funzionamento di questo sito webQuesto sito web, accessibile all\\u2019indirizzo www.airwell.com \\u00e8 di propriet\\u00e0 di Airwell Residential Nome della societ\\u00e0 e sede legaleAirwell Residential SAS10 Rue du Fort de Saint Cyr78180 Montigny Le BretonneuxRCS Versailles: B 752 800 862 Partita IVA intracomunitariaFR01752800862 Direttore della pubblicazioneDamien Riccio HostGruppo DIS \\u2013 14 Rue\",\"inLanguage\":\"it-IT\",\"isPartOf\":{\"@id\":\"https:\\\/\\\/www.airwell.com\\\/it\\\/#website\"},\"breadcrumb\":{\"@id\":\"https:\\\/\\\/www.airwell.com\\\/it\\\/note-legali\\\/#breadcrumblist\"},\"datePublished\":\"2021-10-13T12:06:38+02:00\",\"dateModified\":\"2021-10-18T18:08:15+02:00\"},{\"@type\":\"WebSite\",\"@id\":\"https:\\\/\\\/www.airwell.com\\\/it\\\/#website\",\"url\":\"https:\\\/\\\/www.airwell.com\\\/it\\\/\",\"name\":\"Airwell\",\"description\":\"Soluzioni di aria condizionata e riscaldamento\",\"inLanguage\":\"it-IT\",\"publisher\":{\"@id\":\"https:\\\/\\\/www.airwell.com\\\/it\\\/#organization\"}}]}\n\t\t<\/script>\n\t\t<!-- All in One SEO -->\n\n","aioseo_head_json":{"title":"Note legali - Airwell","description":"Informazioni legali Informazioni generali sul funzionamento di questo sito webQuesto sito web, accessibile all\u2019indirizzo www.airwell.com \u00e8 di propriet\u00e0 di Airwell Residential Nome della societ\u00e0 e sede legaleAirwell Residential SAS10 Rue du Fort de Saint Cyr78180 Montigny Le BretonneuxRCS Versailles: B 752 800 862 Partita IVA intracomunitariaFR01752800862 Direttore della pubblicazioneDamien Riccio HostGruppo DIS \u2013 14 Rue","canonical_url":"https:\/\/www.airwell.com\/it\/note-legali\/","robots":"noindex, nofollow, noarchive, max-snippet:-1, max-image-preview:large, max-video-preview:-1","keywords":"","webmasterTools":{"miscellaneous":""},"schema":{"@context":"https:\/\/schema.org","@graph":[{"@type":"BreadcrumbList","@id":"https:\/\/www.airwell.com\/it\/note-legali\/#breadcrumblist","itemListElement":[{"@type":"ListItem","@id":"https:\/\/www.airwell.com\/it\/#listItem","position":1,"name":"Accueil","item":"https:\/\/www.airwell.com\/it\/","nextItem":{"@type":"ListItem","@id":"https:\/\/www.airwell.com\/it\/note-legali\/#listItem","name":"Note legali"}},{"@type":"ListItem","@id":"https:\/\/www.airwell.com\/it\/note-legali\/#listItem","position":2,"name":"Note legali","previousItem":{"@type":"ListItem","@id":"https:\/\/www.airwell.com\/it\/#listItem","name":"Accueil"}}]},{"@type":"Organization","@id":"https:\/\/www.airwell.com\/it\/#organization","name":"Airwell","description":"Soluzioni di aria condizionata e riscaldamento","url":"https:\/\/www.airwell.com\/it\/","telephone":"+33176218200","logo":{"@type":"ImageObject","url":"https:\/\/www.airwell.com\/wp-content\/uploads\/2020\/11\/Logo_Airwell.svg","@id":"https:\/\/www.airwell.com\/it\/note-legali\/#organizationLogo","width":157,"height":37},"image":{"@id":"https:\/\/www.airwell.com\/it\/note-legali\/#organizationLogo"},"sameAs":["https:\/\/www.youtube.com\/channel\/UCKceazQwwi_h-1vHklDDtWg","https:\/\/www.linkedin.com\/company\/airwell\/"]},{"@type":"WebPage","@id":"https:\/\/www.airwell.com\/it\/note-legali\/#webpage","url":"https:\/\/www.airwell.com\/it\/note-legali\/","name":"Note legali - Airwell","description":"Informazioni legali Informazioni generali sul funzionamento di questo sito webQuesto sito web, accessibile all\u2019indirizzo www.airwell.com \u00e8 di propriet\u00e0 di Airwell Residential Nome della societ\u00e0 e sede legaleAirwell Residential SAS10 Rue du Fort de Saint Cyr78180 Montigny Le BretonneuxRCS Versailles: B 752 800 862 Partita IVA intracomunitariaFR01752800862 Direttore della pubblicazioneDamien Riccio HostGruppo DIS \u2013 14 Rue","inLanguage":"it-IT","isPartOf":{"@id":"https:\/\/www.airwell.com\/it\/#website"},"breadcrumb":{"@id":"https:\/\/www.airwell.com\/it\/note-legali\/#breadcrumblist"},"datePublished":"2021-10-13T12:06:38+02:00","dateModified":"2021-10-18T18:08:15+02:00"},{"@type":"WebSite","@id":"https:\/\/www.airwell.com\/it\/#website","url":"https:\/\/www.airwell.com\/it\/","name":"Airwell","description":"Soluzioni di aria condizionata e riscaldamento","inLanguage":"it-IT","publisher":{"@id":"https:\/\/www.airwell.com\/it\/#organization"}}]},"og:locale":"it_IT","og:site_name":"Airwell - Soluzioni di aria condizionata e riscaldamento","og:type":"article","og:title":"Note legali - Airwell","og:description":"Informazioni legali Informazioni generali sul funzionamento di questo sito webQuesto sito web, accessibile all\u2019indirizzo www.airwell.com \u00e8 di propriet\u00e0 di Airwell Residential Nome della societ\u00e0 e sede legaleAirwell Residential SAS10 Rue du Fort de Saint Cyr78180 Montigny Le BretonneuxRCS Versailles: B 752 800 862 Partita IVA intracomunitariaFR01752800862 Direttore della pubblicazioneDamien Riccio HostGruppo DIS \u2013 14 Rue","og:url":"https:\/\/www.airwell.com\/it\/note-legali\/","og:image":"https:\/\/www.airwell.com\/wp-content\/uploads\/2020\/11\/slider_video.png","og:image:secure_url":"https:\/\/www.airwell.com\/wp-content\/uploads\/2020\/11\/slider_video.png","og:image:width":1474,"og:image:height":819,"article:published_time":"2021-10-13T10:06:38+00:00","article:modified_time":"2021-10-18T16:08:15+00:00","twitter:card":"summary","twitter:title":"Note legali - Airwell","twitter:description":"Informazioni legali Informazioni generali sul funzionamento di questo sito webQuesto sito web, accessibile all\u2019indirizzo www.airwell.com \u00e8 di propriet\u00e0 di Airwell Residential Nome della societ\u00e0 e sede legaleAirwell Residential SAS10 Rue du Fort de Saint Cyr78180 Montigny Le BretonneuxRCS Versailles: B 752 800 862 Partita IVA intracomunitariaFR01752800862 Direttore della pubblicazioneDamien Riccio HostGruppo DIS \u2013 14 Rue","twitter:image":"https:\/\/www.airwell.com\/wp-content\/uploads\/2020\/11\/slider_video.png"},"aioseo_meta_data":{"post_id":"15793","title":null,"description":null,"keywords":[],"keyphrases":{"focus":[],"additional":[]},"primary_term":null,"canonical_url":null,"og_title":null,"og_description":null,"og_object_type":"default","og_image_type":"default","og_image_url":null,"og_image_width":null,"og_image_height":null,"og_image_custom_url":null,"og_image_custom_fields":null,"og_video":"","og_custom_url":null,"og_article_section":null,"og_article_tags":[],"twitter_use_og":false,"twitter_card":"default","twitter_image_type":"default","twitter_image_url":null,"twitter_image_custom_url":null,"twitter_image_custom_fields":null,"twitter_title":null,"twitter_description":null,"schema":{"blockGraphs":[],"customGraphs":[],"default":{"data":{"Article":[],"Course":[],"Dataset":[],"FAQPage":[],"Movie":[],"Person":[],"Product":[],"ProductReview":[],"Car":[],"Recipe":[],"Service":[],"SoftwareApplication":[],"WebPage":{"id":"#aioseo-web-page-63f35c5900e95","slug":"web-page","graphName":"WebPage","label":"Web Page","properties":{"type":"WebPage","name":"","description":""}}},"graphName":"WebPage","isEnabled":true},"graphs":[]},"schema_type":"default","schema_type_options":"{\"article\":{\"articleType\":\"BlogPosting\"},\"course\":{\"name\":\"\",\"description\":\"\",\"provider\":\"\"},\"faq\":{\"pages\":[]},\"product\":{\"reviews\":[]},\"recipe\":{\"ingredients\":[],\"instructions\":[],\"keywords\":[]},\"software\":{\"reviews\":[],\"operatingSystems\":[]},\"webPage\":{\"webPageType\":\"WebPage\"}}","pillar_content":false,"robots_default":false,"robots_noindex":true,"robots_noarchive":true,"robots_nosnippet":false,"robots_nofollow":true,"robots_noimageindex":false,"robots_noodp":false,"robots_notranslate":false,"robots_max_snippet":"-1","robots_max_videopreview":"-1","robots_max_imagepreview":"large","priority":null,"frequency":"default","local_seo":{"businessInfo":{"name":"","urls":{"website":"","aboutPage":"","contactPage":""},"address":{"line1":"","line2":"","zip":"","city":"","state":"","country":""},"contact":{"email":"","phone":"","fax":""},"ids":{"vatID":"","taxID":"","chamberID":""},"payment":{"priceIndication":"","currenciesAccepted":"","methodsAccepted":""},"areaServed":""},"openingHours":{"show":false,"closedLabel":"","open24h":false,"open24hLabel":"","open247":false,"use24hFormat":false,"twoSets":false,"timezone":"","hours":[]}},"breadcrumb_settings":null,"limit_modified_date":false,"ai":null,"created":"2021-10-13 10:06:39","updated":"2025-06-04 14:36:29","seo_analyzer_scan_date":null,"focus_keyword":null,"additional_keywords":null,"truseo_locale":null},"featured_image_src":null,"_links":{"self":[{"href":"https:\/\/www.airwell.com\/it\/wp-json\/wp\/v2\/pages\/15793","targetHints":{"allow":["GET"]}}],"collection":[{"href":"https:\/\/www.airwell.com\/it\/wp-json\/wp\/v2\/pages"}],"about":[{"href":"https:\/\/www.airwell.com\/it\/wp-json\/wp\/v2\/types\/page"}],"author":[{"embeddable":true,"href":"https:\/\/www.airwell.com\/it\/wp-json\/wp\/v2\/users\/4"}],"replies":[{"embeddable":true,"href":"https:\/\/www.airwell.com\/it\/wp-json\/wp\/v2\/comments?post=15793"}],"version-history":[{"count":3,"href":"https:\/\/www.airwell.com\/it\/wp-json\/wp\/v2\/pages\/15793\/revisions"}],"predecessor-version":[{"id":16008,"href":"https:\/\/www.airwell.com\/it\/wp-json\/wp\/v2\/pages\/15793\/revisions\/16008"}],"wp:attachment":[{"href":"https:\/\/www.airwell.com\/it\/wp-json\/wp\/v2\/media?parent=15793"}],"curies":[{"name":"wp","href":"https:\/\/api.w.org\/{rel}","templated":true}]}}